{"id":3334,"date":"2024-05-13T19:30:55","date_gmt":"2024-05-13T22:30:55","guid":{"rendered":"http:\/\/museutronco.cchla.ufrn.br\/?page_id=3334"},"modified":"2025-05-29T18:48:26","modified_gmt":"2025-05-29T21:48:26","slug":"retrato-na-parede","status":"publish","type":"page","link":"https:\/\/museutronco.cchla.ufrn.br\/?page_id=3334","title":{"rendered":"Retrato na parede"},"content":{"rendered":"\t\t<div data-elementor-type=\"wp-page\" data-elementor-id=\"3334\" class=\"elementor elementor-3334\">\n\t\t\t\t\t\t\t<div class=\"elementor-element elementor-element-64e6789 e-flex e-con-boxed e-con e-parent\" data-id=\"64e6789\" data-element_type=\"container\" data-settings=\"{&quot;content_width&quot;:&quot;boxed&quot;}\" data-core-v316-plus=\"true\">\n\t\t\t\t\t<div class=\"e-con-inner\">\n\t\t\t\t<div class=\"elementor-element elementor-element-fdee21e elementor-widget elementor-widget-heading\" data-id=\"fdee21e\" data-element_type=\"widget\" data-widget_type=\"heading.default\">\n\t\t\t\t<div class=\"elementor-widget-container\">\n\t\t\t<style>\/*! elementor - v3.16.0 - 20-09-2023 *\/\n.elementor-heading-title{padding:0;margin:0;line-height:1}.elementor-widget-heading .elementor-heading-title[class*=elementor-size-]>a{color:inherit;font-size:inherit;line-height:inherit}.elementor-widget-heading .elementor-heading-title.elementor-size-small{font-size:15px}.elementor-widget-heading .elementor-heading-title.elementor-size-medium{font-size:19px}.elementor-widget-heading .elementor-heading-title.elementor-size-large{font-size:29px}.elementor-widget-heading .elementor-heading-title.elementor-size-xl{font-size:39px}.elementor-widget-heading .elementor-heading-title.elementor-size-xxl{font-size:59px}<\/style><h2 class=\"elementor-heading-title elementor-size-default\">Retrato na parede<br>\nFesta do Ros\u00e1rio (Caic\u00f3 2020)<\/h2>\t\t<\/div>\n\t\t\t\t<\/div>\n\t\t\t\t\t<\/div>\n\t\t\t\t<\/div>\n\t\t<div class=\"elementor-element elementor-element-7a6f833 e-con-full e-flex e-con e-parent\" data-id=\"7a6f833\" data-element_type=\"container\" data-settings=\"{&quot;content_width&quot;:&quot;full&quot;}\" data-core-v316-plus=\"true\">\n\t\t\t\t<div class=\"elementor-element elementor-element-1e13a7d elementor-widget elementor-widget-text-editor\" data-id=\"1e13a7d\" data-element_type=\"widget\" data-widget_type=\"text-editor.default\">\n\t\t\t\t<div class=\"elementor-widget-container\">\n\t\t\t<style>\/*! elementor - v3.16.0 - 20-09-2023 *\/\n.elementor-widget-text-editor.elementor-drop-cap-view-stacked .elementor-drop-cap{background-color:#69727d;color:#fff}.elementor-widget-text-editor.elementor-drop-cap-view-framed .elementor-drop-cap{color:#69727d;border:3px solid;background-color:transparent}.elementor-widget-text-editor:not(.elementor-drop-cap-view-default) .elementor-drop-cap{margin-top:8px}.elementor-widget-text-editor:not(.elementor-drop-cap-view-default) .elementor-drop-cap-letter{width:1em;height:1em}.elementor-widget-text-editor .elementor-drop-cap{float:left;text-align:center;line-height:1;font-size:50px}.elementor-widget-text-editor .elementor-drop-cap-letter{display:inline-block}<\/style>\t\t\t\t<p style=\"text-align: center;\">Por: Alyane Almeida (UFRN), 2020.<span style=\"font-weight: 400;\"><br><\/span><\/p>\n<p style=\"text-align: center;\"><span style=\"font-weight: 400;\">Outubro de 2020 &#8211; Festa do Ros\u00e1rio de Caic\u00f3, Rio Grande do Norte, Brasil<\/span><\/p>\n<p><span style=\"font-weight: 400;\">&nbsp; &nbsp; &nbsp; A mem\u00f3ria da minha inf\u00e2ncia tem o cortejo do reinado da festa dos negros do Ros\u00e1rio de Caic\u00f3. O tambor, a ponta de lan\u00e7a, a dan\u00e7a\u2026 tudo parecia ter existido desde sempre. At\u00e9 que um dia fui morar distante e, numa das voltas, fiquei curiosa para saber a hist\u00f3ria dessa festa.<\/span><\/p>\n<p><span style=\"font-weight: 400;\">&nbsp; &nbsp; &nbsp;O ano de 1864 est\u00e1 retratado no topo da igreja do Ros\u00e1rio. Em 1889, um ano ap\u00f3s a aboli\u00e7\u00e3o do regime escravocrata, nasceu Jos\u00e9 Ezelino da Costa, negro fot\u00f3grafo cuja hist\u00f3ria est\u00e1 contada na parede da entrada do sal\u00e3o paroquial. Filho de uma mulher ex-escravizada, Bertuleza Maria da Concei\u00e7\u00e3o, ele fotografou os membros da sua fam\u00edlia com vestes aristocr\u00e1ticas.<\/span><\/p>\n<p><span style=\"font-weight: 400;\">&nbsp; &nbsp; &nbsp;Hoje, os retratos da irmandade dos negros do Ros\u00e1rio est\u00e3o presentes nas casas e nas falas. As fotografias antigas est\u00e3o nos relatos sobre o que foi visto e vivido. Entre a realidade retratada e a realidade experimentada, ainda podemos encontrar a transmiss\u00e3o oral da hist\u00f3ria, mas sempre acompanhada de um retrato na parede.<\/span><\/p>\n<p><span style=\"font-weight: 400;\">&nbsp; &nbsp; &nbsp;Com a c\u00e2mera na m\u00e3o e a vontade de conhecer e acessar minhas pr\u00f3prias mem\u00f3rias da festa, encontrei v\u00e1rias pessoas na associa\u00e7\u00e3o da irmandade dos negros do Ros\u00e1rio, na casa de Pedro Mariano e Davane Costa dos Santos, na casa de F\u00e1tima Santos, na casa paroquial, na igreja e na pra\u00e7a do Ros\u00e1rio.<\/span><\/p>\n<p><span style=\"font-weight: 400;\">&nbsp; &nbsp; &nbsp;Percorri caminhos f\u00edsicos e imagin\u00e1rios. A monarquia negra narrada pelos reis e rainhas, escriv\u00e3es, ju\u00edzes, mestres e praticantes do batuque e da dan\u00e7a. Todos que pude encontrar para fotografar escolheram contar sua hist\u00f3ria na frente dos retratos pregados na parede. Apesar de todas as dificuldades e desafios, os retratos est\u00e3o l\u00e1. As revela\u00e7\u00f5es contidas nas hist\u00f3rias encontram os retratos, como se eles fossem a prova concreta de um passado real.<\/span><\/p>\n<p><span style=\"font-weight: 400;\">&nbsp; &nbsp; &nbsp;As paredes e as palavras. O retrato de um passado, a vers\u00e3o de um presente. E o que ser\u00e1 dos retratos que ainda esperam as revela\u00e7\u00f5es para serem registradas pelas lentes de uma c\u00e2mera? Revelar o que pode ser visto, sentido e, literalmente, retratado na festa do Ros\u00e1rio de Caic\u00f3, \u00e9 um ato de continuidade e descoberta. Que as paredes do amanh\u00e3 mantenham a mem\u00f3ria viva.<\/span><\/p>\n<p><span style=\"font-weight: 400;\">&nbsp; &nbsp; &nbsp;Alyane Almeida de Ara\u00fajo, caicoense. Jurista formada pela UFRN (gradua\u00e7\u00e3o, especializa\u00e7\u00e3o e mestrado em direito). Cursou disciplinas no programa de p\u00f3s-gradua\u00e7\u00e3o em antropologia da mesma universidade. Atualmente faz pesquisa de doutorado em direito na Universidade de Lille, Fran\u00e7a.<\/span><\/p>\t\t\t\t\t\t<\/div>\n\t\t\t\t<\/div>\n\t\t\t\t<\/div>\n\t\t<div class=\"elementor-element elementor-element-f99ba92 e-con-full e-flex e-con e-parent\" data-id=\"f99ba92\" data-element_type=\"container\" data-settings=\"{&quot;content_width&quot;:&quot;full&quot;}\" data-core-v316-plus=\"true\">\n\t\t\t\t<div class=\"elementor-element elementor-element-d8f0c40 elementor-widget elementor-widget-image-gallery\" data-id=\"d8f0c40\" data-element_type=\"widget\" data-widget_type=\"image-gallery.default\">\n\t\t\t\t<div class=\"elementor-widget-container\">\n\t\t\t<style>\/*! elementor - v3.16.0 - 20-09-2023 *\/\n.elementor-image-gallery .gallery-item{display:inline-block;text-align:center;vertical-align:top;width:100%;max-width:100%;margin:0 auto}.elementor-image-gallery .gallery-item img{margin:0 auto}.elementor-image-gallery .gallery-item .gallery-caption{margin:0}.elementor-image-gallery figure img{display:block}.elementor-image-gallery figure figcaption{width:100%}.gallery-spacing-custom .elementor-image-gallery .gallery-icon{padding:0}@media (min-width:768px){.elementor-image-gallery .gallery-columns-2 .gallery-item{max-width:50%}.elementor-image-gallery .gallery-columns-3 .gallery-item{max-width:33.33%}.elementor-image-gallery .gallery-columns-4 .gallery-item{max-width:25%}.elementor-image-gallery .gallery-columns-5 .gallery-item{max-width:20%}.elementor-image-gallery .gallery-columns-6 .gallery-item{max-width:16.666%}.elementor-image-gallery .gallery-columns-7 .gallery-item{max-width:14.28%}.elementor-image-gallery .gallery-columns-8 .gallery-item{max-width:12.5%}.elementor-image-gallery .gallery-columns-9 .gallery-item{max-width:11.11%}.elementor-image-gallery .gallery-columns-10 .gallery-item{max-width:10%}}@media (min-width:480px) and (max-width:767px){.elementor-image-gallery .gallery.gallery-columns-2 .gallery-item,.elementor-image-gallery .gallery.gallery-columns-3 .gallery-item,.elementor-image-gallery .gallery.gallery-columns-4 .gallery-item,.elementor-image-gallery .gallery.gallery-columns-5 .gallery-item,.elementor-image-gallery .gallery.gallery-columns-6 .gallery-item,.elementor-image-gallery .gallery.gallery-columns-7 .gallery-item,.elementor-image-gallery .gallery.gallery-columns-8 .gallery-item,.elementor-image-gallery .gallery.gallery-columns-9 .gallery-item,.elementor-image-gallery .gallery.gallery-columns-10 .gallery-item{max-width:50%}}@media (max-width:479px){.elementor-image-gallery .gallery.gallery-columns-2 .gallery-item,.elementor-image-gallery .gallery.gallery-columns-3 .gallery-item,.elementor-image-gallery .gallery.gallery-columns-4 .gallery-item,.elementor-image-gallery .gallery.gallery-columns-5 .gallery-item,.elementor-image-gallery .gallery.gallery-columns-6 .gallery-item,.elementor-image-gallery .gallery.gallery-columns-7 .gallery-item,.elementor-image-gallery .gallery.gallery-columns-8 .gallery-item,.elementor-image-gallery .gallery.gallery-columns-9 .gallery-item,.elementor-image-gallery .gallery.gallery-columns-10 .gallery-item{max-width:100%}}<\/style>\t\t<div class=\"elementor-image-gallery\">\n\t\t\t<div id='gallery-1' class='gallery galleryid-3334 gallery-columns-3 gallery-size-thumbnail'><figure class='gallery-item'>\n\t\t\t<div class='gallery-icon landscape'>\n\t\t\t\t<a data-elementor-open-lightbox=\"yes\" data-elementor-lightbox-slideshow=\"d8f0c40\" data-elementor-lightbox-title=\"1 - Entrada do sal\u00e3o paroquial da Igreja Nossa Senhora do Ros\u00e1rio\" data-e-action-hash=\"#elementor-action%3Aaction%3Dlightbox%26settings%3DeyJpZCI6MzI3OSwidXJsIjoiaHR0cHM6XC9cL211c2V1dHJvbmNvLmNjaGxhLnVmcm4uYnJcL3dwLWNvbnRlbnRcL3VwbG9hZHNcLzIwMjRcLzA1XC8xLUVudHJhZGEtZG8tc2FsYW8tcGFyb3F1aWFsLWRhLUlncmVqYS1Ob3NzYS1TZW5ob3JhLWRvLVJvc2FyaW8tc2NhbGVkLmpwZyIsInNsaWRlc2hvdyI6ImQ4ZjBjNDAifQ%3D%3D\" href='https:\/\/museutronco.cchla.ufrn.br\/wp-content\/uploads\/2024\/05\/1-Entrada-do-salao-paroquial-da-Igreja-Nossa-Senhora-do-Rosario-scaled.jpg'><img width=\"150\" height=\"150\" src=\"https:\/\/museutronco.cchla.ufrn.br\/wp-content\/uploads\/2024\/05\/1-Entrada-do-salao-paroquial-da-Igreja-Nossa-Senhora-do-Rosario-150x150.jpg\" class=\"attachment-thumbnail size-thumbnail\" alt=\"\" decoding=\"async\" aria-describedby=\"gallery-1-3279\" loading=\"lazy\" srcset=\"https:\/\/museutronco.cchla.ufrn.br\/wp-content\/uploads\/2024\/05\/1-Entrada-do-salao-paroquial-da-Igreja-Nossa-Senhora-do-Rosario-150x150.jpg 150w, https:\/\/museutronco.cchla.ufrn.br\/wp-content\/uploads\/2024\/05\/1-Entrada-do-salao-paroquial-da-Igreja-Nossa-Senhora-do-Rosario-230x230.jpg 230w, https:\/\/museutronco.cchla.ufrn.br\/wp-content\/uploads\/2024\/05\/1-Entrada-do-salao-paroquial-da-Igreja-Nossa-Senhora-do-Rosario-400x400.jpg 400w, https:\/\/museutronco.cchla.ufrn.br\/wp-content\/uploads\/2024\/05\/1-Entrada-do-salao-paroquial-da-Igreja-Nossa-Senhora-do-Rosario-640x640.jpg 640w, https:\/\/museutronco.cchla.ufrn.br\/wp-content\/uploads\/2024\/05\/1-Entrada-do-salao-paroquial-da-Igreja-Nossa-Senhora-do-Rosario-40x40.jpg 40w, https:\/\/museutronco.cchla.ufrn.br\/wp-content\/uploads\/2024\/05\/1-Entrada-do-salao-paroquial-da-Igreja-Nossa-Senhora-do-Rosario-275x275.jpg 275w\" sizes=\"(max-width: 150px) 100vw, 150px\" \/><\/a>\n\t\t\t<\/div>\n\t\t\t\t<figcaption class='wp-caption-text gallery-caption' id='gallery-1-3279'>\n\t\t\t\tEntrada do sal\u00e3o paroquial da Igreja Nossa Senhora do Ros\u00e1rio\n\t\t\t\t<\/figcaption><\/figure><figure class='gallery-item'>\n\t\t\t<div class='gallery-icon landscape'>\n\t\t\t\t<a data-elementor-open-lightbox=\"yes\" data-elementor-lightbox-slideshow=\"d8f0c40\" data-elementor-lightbox-title=\"2 - Membros na sede da associa\u00e7\u00e3o da irmandade dos negros do ros\u00e1rio\" data-e-action-hash=\"#elementor-action%3Aaction%3Dlightbox%26settings%3DeyJpZCI6MzI4MCwidXJsIjoiaHR0cHM6XC9cL211c2V1dHJvbmNvLmNjaGxhLnVmcm4uYnJcL3dwLWNvbnRlbnRcL3VwbG9hZHNcLzIwMjRcLzA1XC8yLU1lbWJyb3MtbmEtc2VkZS1kYS1hc3NvY2lhY2FvLWRhLWlybWFuZGFkZS1kb3MtbmVncm9zLWRvLXJvc2FyaW8tc2NhbGVkLmpwZyIsInNsaWRlc2hvdyI6ImQ4ZjBjNDAifQ%3D%3D\" href='https:\/\/museutronco.cchla.ufrn.br\/wp-content\/uploads\/2024\/05\/2-Membros-na-sede-da-associacao-da-irmandade-dos-negros-do-rosario-scaled.jpg'><img width=\"150\" height=\"150\" src=\"https:\/\/museutronco.cchla.ufrn.br\/wp-content\/uploads\/2024\/05\/2-Membros-na-sede-da-associacao-da-irmandade-dos-negros-do-rosario-150x150.jpg\" class=\"attachment-thumbnail size-thumbnail\" alt=\"\" decoding=\"async\" aria-describedby=\"gallery-1-3280\" loading=\"lazy\" srcset=\"https:\/\/museutronco.cchla.ufrn.br\/wp-content\/uploads\/2024\/05\/2-Membros-na-sede-da-associacao-da-irmandade-dos-negros-do-rosario-150x150.jpg 150w, https:\/\/museutronco.cchla.ufrn.br\/wp-content\/uploads\/2024\/05\/2-Membros-na-sede-da-associacao-da-irmandade-dos-negros-do-rosario-230x230.jpg 230w, https:\/\/museutronco.cchla.ufrn.br\/wp-content\/uploads\/2024\/05\/2-Membros-na-sede-da-associacao-da-irmandade-dos-negros-do-rosario-400x400.jpg 400w, https:\/\/museutronco.cchla.ufrn.br\/wp-content\/uploads\/2024\/05\/2-Membros-na-sede-da-associacao-da-irmandade-dos-negros-do-rosario-640x640.jpg 640w, https:\/\/museutronco.cchla.ufrn.br\/wp-content\/uploads\/2024\/05\/2-Membros-na-sede-da-associacao-da-irmandade-dos-negros-do-rosario-40x40.jpg 40w, https:\/\/museutronco.cchla.ufrn.br\/wp-content\/uploads\/2024\/05\/2-Membros-na-sede-da-associacao-da-irmandade-dos-negros-do-rosario-275x275.jpg 275w\" sizes=\"(max-width: 150px) 100vw, 150px\" \/><\/a>\n\t\t\t<\/div>\n\t\t\t\t<figcaption class='wp-caption-text gallery-caption' id='gallery-1-3280'>\n\t\t\t\tMembros na sede da associa\u00e7\u00e3o da irmandade dos negros do ros\u00e1rio\n\t\t\t\t<\/figcaption><\/figure><figure class='gallery-item'>\n\t\t\t<div class='gallery-icon landscape'>\n\t\t\t\t<a data-elementor-open-lightbox=\"yes\" data-elementor-lightbox-slideshow=\"d8f0c40\" data-elementor-lightbox-title=\"3 - Retrato do acervo da sede da associa\u00e7\u00e3o da irmandade dos negros do ros\u00e1rio\" data-e-action-hash=\"#elementor-action%3Aaction%3Dlightbox%26settings%3DeyJpZCI6MzI4MSwidXJsIjoiaHR0cHM6XC9cL211c2V1dHJvbmNvLmNjaGxhLnVmcm4uYnJcL3dwLWNvbnRlbnRcL3VwbG9hZHNcLzIwMjRcLzA1XC8zLVJldHJhdG8tZG8tYWNlcnZvLWRhLXNlZGUtZGEtYXNzb2NpYWNhby1kYS1pcm1hbmRhZGUtZG9zLW5lZ3Jvcy1kby1yb3NhcmlvLXNjYWxlZC5qcGciLCJzbGlkZXNob3ciOiJkOGYwYzQwIn0%3D\" href='https:\/\/museutronco.cchla.ufrn.br\/wp-content\/uploads\/2024\/05\/3-Retrato-do-acervo-da-sede-da-associacao-da-irmandade-dos-negros-do-rosario-scaled.jpg'><img width=\"150\" height=\"150\" src=\"https:\/\/museutronco.cchla.ufrn.br\/wp-content\/uploads\/2024\/05\/3-Retrato-do-acervo-da-sede-da-associacao-da-irmandade-dos-negros-do-rosario-150x150.jpg\" class=\"attachment-thumbnail size-thumbnail\" alt=\"\" decoding=\"async\" aria-describedby=\"gallery-1-3281\" loading=\"lazy\" srcset=\"https:\/\/museutronco.cchla.ufrn.br\/wp-content\/uploads\/2024\/05\/3-Retrato-do-acervo-da-sede-da-associacao-da-irmandade-dos-negros-do-rosario-150x150.jpg 150w, https:\/\/museutronco.cchla.ufrn.br\/wp-content\/uploads\/2024\/05\/3-Retrato-do-acervo-da-sede-da-associacao-da-irmandade-dos-negros-do-rosario-230x230.jpg 230w, https:\/\/museutronco.cchla.ufrn.br\/wp-content\/uploads\/2024\/05\/3-Retrato-do-acervo-da-sede-da-associacao-da-irmandade-dos-negros-do-rosario-400x400.jpg 400w, https:\/\/museutronco.cchla.ufrn.br\/wp-content\/uploads\/2024\/05\/3-Retrato-do-acervo-da-sede-da-associacao-da-irmandade-dos-negros-do-rosario-640x640.jpg 640w, https:\/\/museutronco.cchla.ufrn.br\/wp-content\/uploads\/2024\/05\/3-Retrato-do-acervo-da-sede-da-associacao-da-irmandade-dos-negros-do-rosario-40x40.jpg 40w, https:\/\/museutronco.cchla.ufrn.br\/wp-content\/uploads\/2024\/05\/3-Retrato-do-acervo-da-sede-da-associacao-da-irmandade-dos-negros-do-rosario-275x275.jpg 275w\" sizes=\"(max-width: 150px) 100vw, 150px\" \/><\/a>\n\t\t\t<\/div>\n\t\t\t\t<figcaption class='wp-caption-text gallery-caption' id='gallery-1-3281'>\n\t\t\t\tRetrato do acervo da sede da associa\u00e7\u00e3o da irmandade dos negros do ros\u00e1rio\n\t\t\t\t<\/figcaption><\/figure><figure class='gallery-item'>\n\t\t\t<div class='gallery-icon landscape'>\n\t\t\t\t<a data-elementor-open-lightbox=\"yes\" data-elementor-lightbox-slideshow=\"d8f0c40\" data-elementor-lightbox-title=\"4 - Ana Santana dos Santos, rainha perp\u00e9tua do congo\" data-e-action-hash=\"#elementor-action%3Aaction%3Dlightbox%26settings%3DeyJpZCI6MzI4MiwidXJsIjoiaHR0cHM6XC9cL211c2V1dHJvbmNvLmNjaGxhLnVmcm4uYnJcL3dwLWNvbnRlbnRcL3VwbG9hZHNcLzIwMjRcLzA1XC80LUFuYS1TYW50YW5hLWRvcy1TYW50b3MtcmFpbmhhLXBlcnBldHVhLWRvLWNvbmdvLXNjYWxlZC5qcGciLCJzbGlkZXNob3ciOiJkOGYwYzQwIn0%3D\" href='https:\/\/museutronco.cchla.ufrn.br\/wp-content\/uploads\/2024\/05\/4-Ana-Santana-dos-Santos-rainha-perpetua-do-congo-scaled.jpg'><img width=\"150\" height=\"150\" src=\"https:\/\/museutronco.cchla.ufrn.br\/wp-content\/uploads\/2024\/05\/4-Ana-Santana-dos-Santos-rainha-perpetua-do-congo-150x150.jpg\" class=\"attachment-thumbnail size-thumbnail\" alt=\"\" decoding=\"async\" aria-describedby=\"gallery-1-3282\" loading=\"lazy\" srcset=\"https:\/\/museutronco.cchla.ufrn.br\/wp-content\/uploads\/2024\/05\/4-Ana-Santana-dos-Santos-rainha-perpetua-do-congo-150x150.jpg 150w, https:\/\/museutronco.cchla.ufrn.br\/wp-content\/uploads\/2024\/05\/4-Ana-Santana-dos-Santos-rainha-perpetua-do-congo-230x230.jpg 230w, https:\/\/museutronco.cchla.ufrn.br\/wp-content\/uploads\/2024\/05\/4-Ana-Santana-dos-Santos-rainha-perpetua-do-congo-400x400.jpg 400w, https:\/\/museutronco.cchla.ufrn.br\/wp-content\/uploads\/2024\/05\/4-Ana-Santana-dos-Santos-rainha-perpetua-do-congo-640x640.jpg 640w, https:\/\/museutronco.cchla.ufrn.br\/wp-content\/uploads\/2024\/05\/4-Ana-Santana-dos-Santos-rainha-perpetua-do-congo-40x40.jpg 40w, https:\/\/museutronco.cchla.ufrn.br\/wp-content\/uploads\/2024\/05\/4-Ana-Santana-dos-Santos-rainha-perpetua-do-congo-275x275.jpg 275w\" sizes=\"(max-width: 150px) 100vw, 150px\" \/><\/a>\n\t\t\t<\/div>\n\t\t\t\t<figcaption class='wp-caption-text gallery-caption' id='gallery-1-3282'>\n\t\t\t\tAna Santana dos Santos, rainha perp\u00e9tua do congo\n\t\t\t\t<\/figcaption><\/figure><figure class='gallery-item'>\n\t\t\t<div class='gallery-icon landscape'>\n\t\t\t\t<a data-elementor-open-lightbox=\"yes\" data-elementor-lightbox-slideshow=\"d8f0c40\" data-elementor-lightbox-title=\"5 - Maria Lucilene da Silva, rainha da irmandade do ros\u00e1rio de 2020\" data-e-action-hash=\"#elementor-action%3Aaction%3Dlightbox%26settings%3DeyJpZCI6MzI4MywidXJsIjoiaHR0cHM6XC9cL211c2V1dHJvbmNvLmNjaGxhLnVmcm4uYnJcL3dwLWNvbnRlbnRcL3VwbG9hZHNcLzIwMjRcLzA1XC81LU1hcmlhLUx1Y2lsZW5lLWRhLVNpbHZhLXJhaW5oYS1kYS1pcm1hbmRhZGUtZG8tcm9zYXJpby1kZS0yMDIwLXNjYWxlZC5qcGciLCJzbGlkZXNob3ciOiJkOGYwYzQwIn0%3D\" href='https:\/\/museutronco.cchla.ufrn.br\/wp-content\/uploads\/2024\/05\/5-Maria-Lucilene-da-Silva-rainha-da-irmandade-do-rosario-de-2020-scaled.jpg'><img width=\"150\" height=\"150\" src=\"https:\/\/museutronco.cchla.ufrn.br\/wp-content\/uploads\/2024\/05\/5-Maria-Lucilene-da-Silva-rainha-da-irmandade-do-rosario-de-2020-150x150.jpg\" class=\"attachment-thumbnail size-thumbnail\" alt=\"\" decoding=\"async\" aria-describedby=\"gallery-1-3283\" loading=\"lazy\" srcset=\"https:\/\/museutronco.cchla.ufrn.br\/wp-content\/uploads\/2024\/05\/5-Maria-Lucilene-da-Silva-rainha-da-irmandade-do-rosario-de-2020-150x150.jpg 150w, https:\/\/museutronco.cchla.ufrn.br\/wp-content\/uploads\/2024\/05\/5-Maria-Lucilene-da-Silva-rainha-da-irmandade-do-rosario-de-2020-230x230.jpg 230w, https:\/\/museutronco.cchla.ufrn.br\/wp-content\/uploads\/2024\/05\/5-Maria-Lucilene-da-Silva-rainha-da-irmandade-do-rosario-de-2020-400x400.jpg 400w, https:\/\/museutronco.cchla.ufrn.br\/wp-content\/uploads\/2024\/05\/5-Maria-Lucilene-da-Silva-rainha-da-irmandade-do-rosario-de-2020-640x640.jpg 640w, https:\/\/museutronco.cchla.ufrn.br\/wp-content\/uploads\/2024\/05\/5-Maria-Lucilene-da-Silva-rainha-da-irmandade-do-rosario-de-2020-40x40.jpg 40w, https:\/\/museutronco.cchla.ufrn.br\/wp-content\/uploads\/2024\/05\/5-Maria-Lucilene-da-Silva-rainha-da-irmandade-do-rosario-de-2020-275x275.jpg 275w\" sizes=\"(max-width: 150px) 100vw, 150px\" \/><\/a>\n\t\t\t<\/div>\n\t\t\t\t<figcaption class='wp-caption-text gallery-caption' id='gallery-1-3283'>\n\t\t\t\tMaria Lucilene da Silva, rainha da irmandade do ros\u00e1rio de 2020\n\t\t\t\t<\/figcaption><\/figure><figure class='gallery-item'>\n\t\t\t<div class='gallery-icon landscape'>\n\t\t\t\t<a data-elementor-open-lightbox=\"yes\" data-elementor-lightbox-slideshow=\"d8f0c40\" data-elementor-lightbox-title=\"6 - Fotos na parede da casa de Pedro Mariano e Davane Costa dos Santos\" data-e-action-hash=\"#elementor-action%3Aaction%3Dlightbox%26settings%3DeyJpZCI6MzI4NCwidXJsIjoiaHR0cHM6XC9cL211c2V1dHJvbmNvLmNjaGxhLnVmcm4uYnJcL3dwLWNvbnRlbnRcL3VwbG9hZHNcLzIwMjRcLzA1XC82LUZvdG9zLW5hLXBhcmVkZS1kYS1jYXNhLWRlLVBlZHJvLU1hcmlhbm8tZS1EYXZhbmUtQ29zdGEtZG9zLVNhbnRvcy1zY2FsZWQuanBnIiwic2xpZGVzaG93IjoiZDhmMGM0MCJ9\" href='https:\/\/museutronco.cchla.ufrn.br\/wp-content\/uploads\/2024\/05\/6-Fotos-na-parede-da-casa-de-Pedro-Mariano-e-Davane-Costa-dos-Santos-scaled.jpg'><img width=\"150\" height=\"150\" src=\"https:\/\/museutronco.cchla.ufrn.br\/wp-content\/uploads\/2024\/05\/6-Fotos-na-parede-da-casa-de-Pedro-Mariano-e-Davane-Costa-dos-Santos-150x150.jpg\" class=\"attachment-thumbnail size-thumbnail\" alt=\"\" decoding=\"async\" aria-describedby=\"gallery-1-3284\" loading=\"lazy\" srcset=\"https:\/\/museutronco.cchla.ufrn.br\/wp-content\/uploads\/2024\/05\/6-Fotos-na-parede-da-casa-de-Pedro-Mariano-e-Davane-Costa-dos-Santos-150x150.jpg 150w, https:\/\/museutronco.cchla.ufrn.br\/wp-content\/uploads\/2024\/05\/6-Fotos-na-parede-da-casa-de-Pedro-Mariano-e-Davane-Costa-dos-Santos-230x230.jpg 230w, https:\/\/museutronco.cchla.ufrn.br\/wp-content\/uploads\/2024\/05\/6-Fotos-na-parede-da-casa-de-Pedro-Mariano-e-Davane-Costa-dos-Santos-400x400.jpg 400w, https:\/\/museutronco.cchla.ufrn.br\/wp-content\/uploads\/2024\/05\/6-Fotos-na-parede-da-casa-de-Pedro-Mariano-e-Davane-Costa-dos-Santos-640x640.jpg 640w, https:\/\/museutronco.cchla.ufrn.br\/wp-content\/uploads\/2024\/05\/6-Fotos-na-parede-da-casa-de-Pedro-Mariano-e-Davane-Costa-dos-Santos-40x40.jpg 40w, https:\/\/museutronco.cchla.ufrn.br\/wp-content\/uploads\/2024\/05\/6-Fotos-na-parede-da-casa-de-Pedro-Mariano-e-Davane-Costa-dos-Santos-275x275.jpg 275w\" sizes=\"(max-width: 150px) 100vw, 150px\" \/><\/a>\n\t\t\t<\/div>\n\t\t\t\t<figcaption class='wp-caption-text gallery-caption' id='gallery-1-3284'>\n\t\t\t\tFotos na parede da casa de Pedro Mariano e Davane Costa dos Santos\n\t\t\t\t<\/figcaption><\/figure><figure class='gallery-item'>\n\t\t\t<div class='gallery-icon landscape'>\n\t\t\t\t<a data-elementor-open-lightbox=\"yes\" data-elementor-lightbox-slideshow=\"d8f0c40\" data-elementor-lightbox-title=\"7 - F\u00e1tima Santos, Davane Costa dos Santos e netos\" data-e-action-hash=\"#elementor-action%3Aaction%3Dlightbox%26settings%3DeyJpZCI6MzI4NSwidXJsIjoiaHR0cHM6XC9cL211c2V1dHJvbmNvLmNjaGxhLnVmcm4uYnJcL3dwLWNvbnRlbnRcL3VwbG9hZHNcLzIwMjRcLzA1XC83LUZhdGltYS1TYW50b3MtRGF2YW5lLUNvc3RhLWRvcy1TYW50b3MtZS1uZXRvcy1zY2FsZWQuanBnIiwic2xpZGVzaG93IjoiZDhmMGM0MCJ9\" href='https:\/\/museutronco.cchla.ufrn.br\/wp-content\/uploads\/2024\/05\/7-Fatima-Santos-Davane-Costa-dos-Santos-e-netos-scaled.jpg'><img width=\"150\" height=\"150\" src=\"https:\/\/museutronco.cchla.ufrn.br\/wp-content\/uploads\/2024\/05\/7-Fatima-Santos-Davane-Costa-dos-Santos-e-netos-150x150.jpg\" class=\"attachment-thumbnail size-thumbnail\" alt=\"\" decoding=\"async\" aria-describedby=\"gallery-1-3285\" loading=\"lazy\" srcset=\"https:\/\/museutronco.cchla.ufrn.br\/wp-content\/uploads\/2024\/05\/7-Fatima-Santos-Davane-Costa-dos-Santos-e-netos-150x150.jpg 150w, https:\/\/museutronco.cchla.ufrn.br\/wp-content\/uploads\/2024\/05\/7-Fatima-Santos-Davane-Costa-dos-Santos-e-netos-230x230.jpg 230w, https:\/\/museutronco.cchla.ufrn.br\/wp-content\/uploads\/2024\/05\/7-Fatima-Santos-Davane-Costa-dos-Santos-e-netos-400x400.jpg 400w, https:\/\/museutronco.cchla.ufrn.br\/wp-content\/uploads\/2024\/05\/7-Fatima-Santos-Davane-Costa-dos-Santos-e-netos-640x640.jpg 640w, https:\/\/museutronco.cchla.ufrn.br\/wp-content\/uploads\/2024\/05\/7-Fatima-Santos-Davane-Costa-dos-Santos-e-netos-40x40.jpg 40w, https:\/\/museutronco.cchla.ufrn.br\/wp-content\/uploads\/2024\/05\/7-Fatima-Santos-Davane-Costa-dos-Santos-e-netos-275x275.jpg 275w\" sizes=\"(max-width: 150px) 100vw, 150px\" \/><\/a>\n\t\t\t<\/div>\n\t\t\t\t<figcaption class='wp-caption-text gallery-caption' id='gallery-1-3285'>\n\t\t\t\tF\u00e1tima Santos, Davane Costa dos Santos e netos\n\t\t\t\t<\/figcaption><\/figure><figure class='gallery-item'>\n\t\t\t<div class='gallery-icon landscape'>\n\t\t\t\t<a data-elementor-open-lightbox=\"yes\" data-elementor-lightbox-slideshow=\"d8f0c40\" data-elementor-lightbox-title=\"8 - Fotos do acervo da fam\u00edlia de Pedro Mariano\" data-e-action-hash=\"#elementor-action%3Aaction%3Dlightbox%26settings%3DeyJpZCI6MzI4NiwidXJsIjoiaHR0cHM6XC9cL211c2V1dHJvbmNvLmNjaGxhLnVmcm4uYnJcL3dwLWNvbnRlbnRcL3VwbG9hZHNcLzIwMjRcLzA1XC84LUZvdG9zLWRvLWFjZXJ2by1kYS1mYW1pbGlhLWRlLVBlZHJvLU1hcmlhbm8tc2NhbGVkLmpwZyIsInNsaWRlc2hvdyI6ImQ4ZjBjNDAifQ%3D%3D\" href='https:\/\/museutronco.cchla.ufrn.br\/wp-content\/uploads\/2024\/05\/8-Fotos-do-acervo-da-familia-de-Pedro-Mariano-scaled.jpg'><img width=\"150\" height=\"150\" src=\"https:\/\/museutronco.cchla.ufrn.br\/wp-content\/uploads\/2024\/05\/8-Fotos-do-acervo-da-familia-de-Pedro-Mariano-150x150.jpg\" class=\"attachment-thumbnail size-thumbnail\" alt=\"\" decoding=\"async\" aria-describedby=\"gallery-1-3286\" loading=\"lazy\" srcset=\"https:\/\/museutronco.cchla.ufrn.br\/wp-content\/uploads\/2024\/05\/8-Fotos-do-acervo-da-familia-de-Pedro-Mariano-150x150.jpg 150w, https:\/\/museutronco.cchla.ufrn.br\/wp-content\/uploads\/2024\/05\/8-Fotos-do-acervo-da-familia-de-Pedro-Mariano-230x230.jpg 230w, https:\/\/museutronco.cchla.ufrn.br\/wp-content\/uploads\/2024\/05\/8-Fotos-do-acervo-da-familia-de-Pedro-Mariano-400x400.jpg 400w, https:\/\/museutronco.cchla.ufrn.br\/wp-content\/uploads\/2024\/05\/8-Fotos-do-acervo-da-familia-de-Pedro-Mariano-640x640.jpg 640w, https:\/\/museutronco.cchla.ufrn.br\/wp-content\/uploads\/2024\/05\/8-Fotos-do-acervo-da-familia-de-Pedro-Mariano-40x40.jpg 40w, https:\/\/museutronco.cchla.ufrn.br\/wp-content\/uploads\/2024\/05\/8-Fotos-do-acervo-da-familia-de-Pedro-Mariano-275x275.jpg 275w\" sizes=\"(max-width: 150px) 100vw, 150px\" \/><\/a>\n\t\t\t<\/div>\n\t\t\t\t<figcaption class='wp-caption-text gallery-caption' id='gallery-1-3286'>\n\t\t\t\tFotos do acervo da fam\u00edlia de Pedro Mariano\n\t\t\t\t<\/figcaption><\/figure><figure class='gallery-item'>\n\t\t\t<div class='gallery-icon landscape'>\n\t\t\t\t<a data-elementor-open-lightbox=\"yes\" data-elementor-lightbox-slideshow=\"d8f0c40\" data-elementor-lightbox-title=\"9 - Fotos do acervo da fam\u00edlia de Pedro Mariano\" data-e-action-hash=\"#elementor-action%3Aaction%3Dlightbox%26settings%3DeyJpZCI6MzI4NywidXJsIjoiaHR0cHM6XC9cL211c2V1dHJvbmNvLmNjaGxhLnVmcm4uYnJcL3dwLWNvbnRlbnRcL3VwbG9hZHNcLzIwMjRcLzA1XC85LUZvdG9zLWRvLWFjZXJ2by1kYS1mYW1pbGlhLWRlLVBlZHJvLU1hcmlhbm8tc2NhbGVkLmpwZyIsInNsaWRlc2hvdyI6ImQ4ZjBjNDAifQ%3D%3D\" href='https:\/\/museutronco.cchla.ufrn.br\/wp-content\/uploads\/2024\/05\/9-Fotos-do-acervo-da-familia-de-Pedro-Mariano-scaled.jpg'><img width=\"150\" height=\"150\" src=\"https:\/\/museutronco.cchla.ufrn.br\/wp-content\/uploads\/2024\/05\/9-Fotos-do-acervo-da-familia-de-Pedro-Mariano-150x150.jpg\" class=\"attachment-thumbnail size-thumbnail\" alt=\"\" decoding=\"async\" aria-describedby=\"gallery-1-3287\" loading=\"lazy\" srcset=\"https:\/\/museutronco.cchla.ufrn.br\/wp-content\/uploads\/2024\/05\/9-Fotos-do-acervo-da-familia-de-Pedro-Mariano-150x150.jpg 150w, https:\/\/museutronco.cchla.ufrn.br\/wp-content\/uploads\/2024\/05\/9-Fotos-do-acervo-da-familia-de-Pedro-Mariano-230x230.jpg 230w, https:\/\/museutronco.cchla.ufrn.br\/wp-content\/uploads\/2024\/05\/9-Fotos-do-acervo-da-familia-de-Pedro-Mariano-400x400.jpg 400w, https:\/\/museutronco.cchla.ufrn.br\/wp-content\/uploads\/2024\/05\/9-Fotos-do-acervo-da-familia-de-Pedro-Mariano-640x640.jpg 640w, https:\/\/museutronco.cchla.ufrn.br\/wp-content\/uploads\/2024\/05\/9-Fotos-do-acervo-da-familia-de-Pedro-Mariano-40x40.jpg 40w, https:\/\/museutronco.cchla.ufrn.br\/wp-content\/uploads\/2024\/05\/9-Fotos-do-acervo-da-familia-de-Pedro-Mariano-275x275.jpg 275w\" sizes=\"(max-width: 150px) 100vw, 150px\" \/><\/a>\n\t\t\t<\/div>\n\t\t\t\t<figcaption class='wp-caption-text gallery-caption' id='gallery-1-3287'>\n\t\t\t\tFotos do acervo da fam\u00edlia de Pedro Mariano\n\t\t\t\t<\/figcaption><\/figure><figure class='gallery-item'>\n\t\t\t<div class='gallery-icon landscape'>\n\t\t\t\t<a data-elementor-open-lightbox=\"yes\" data-elementor-lightbox-slideshow=\"d8f0c40\" data-elementor-lightbox-title=\"10 - Fotos do acervo da fam\u00edlia de Pedro Mariano\" data-e-action-hash=\"#elementor-action%3Aaction%3Dlightbox%26settings%3DeyJpZCI6MzI4OCwidXJsIjoiaHR0cHM6XC9cL211c2V1dHJvbmNvLmNjaGxhLnVmcm4uYnJcL3dwLWNvbnRlbnRcL3VwbG9hZHNcLzIwMjRcLzA1XC8xMC1Gb3Rvcy1kby1hY2Vydm8tZGEtZmFtaWxpYS1kZS1QZWRyby1NYXJpYW5vLXNjYWxlZC5qcGciLCJzbGlkZXNob3ciOiJkOGYwYzQwIn0%3D\" href='https:\/\/museutronco.cchla.ufrn.br\/wp-content\/uploads\/2024\/05\/10-Fotos-do-acervo-da-familia-de-Pedro-Mariano-scaled.jpg'><img width=\"150\" height=\"150\" src=\"https:\/\/museutronco.cchla.ufrn.br\/wp-content\/uploads\/2024\/05\/10-Fotos-do-acervo-da-familia-de-Pedro-Mariano-150x150.jpg\" class=\"attachment-thumbnail size-thumbnail\" alt=\"\" decoding=\"async\" aria-describedby=\"gallery-1-3288\" loading=\"lazy\" srcset=\"https:\/\/museutronco.cchla.ufrn.br\/wp-content\/uploads\/2024\/05\/10-Fotos-do-acervo-da-familia-de-Pedro-Mariano-150x150.jpg 150w, https:\/\/museutronco.cchla.ufrn.br\/wp-content\/uploads\/2024\/05\/10-Fotos-do-acervo-da-familia-de-Pedro-Mariano-230x230.jpg 230w, https:\/\/museutronco.cchla.ufrn.br\/wp-content\/uploads\/2024\/05\/10-Fotos-do-acervo-da-familia-de-Pedro-Mariano-400x400.jpg 400w, https:\/\/museutronco.cchla.ufrn.br\/wp-content\/uploads\/2024\/05\/10-Fotos-do-acervo-da-familia-de-Pedro-Mariano-640x640.jpg 640w, https:\/\/museutronco.cchla.ufrn.br\/wp-content\/uploads\/2024\/05\/10-Fotos-do-acervo-da-familia-de-Pedro-Mariano-40x40.jpg 40w, https:\/\/museutronco.cchla.ufrn.br\/wp-content\/uploads\/2024\/05\/10-Fotos-do-acervo-da-familia-de-Pedro-Mariano-275x275.jpg 275w\" sizes=\"(max-width: 150px) 100vw, 150px\" \/><\/a>\n\t\t\t<\/div>\n\t\t\t\t<figcaption class='wp-caption-text gallery-caption' id='gallery-1-3288'>\n\t\t\t\tFotos do acervo da fam\u00edlia de Pedro Mariano\n\t\t\t\t<\/figcaption><\/figure><figure class='gallery-item'>\n\t\t\t<div class='gallery-icon landscape'>\n\t\t\t\t<a data-elementor-open-lightbox=\"yes\" data-elementor-lightbox-slideshow=\"d8f0c40\" data-elementor-lightbox-title=\"11 - Davane Costa dos Santos e filho\" data-e-action-hash=\"#elementor-action%3Aaction%3Dlightbox%26settings%3DeyJpZCI6MzI4OSwidXJsIjoiaHR0cHM6XC9cL211c2V1dHJvbmNvLmNjaGxhLnVmcm4uYnJcL3dwLWNvbnRlbnRcL3VwbG9hZHNcLzIwMjRcLzA1XC8xMS1EYXZhbmUtQ29zdGEtZG9zLVNhbnRvcy1lLWZpbGhvLXNjYWxlZC5qcGciLCJzbGlkZXNob3ciOiJkOGYwYzQwIn0%3D\" href='https:\/\/museutronco.cchla.ufrn.br\/wp-content\/uploads\/2024\/05\/11-Davane-Costa-dos-Santos-e-filho-scaled.jpg'><img width=\"150\" height=\"150\" src=\"https:\/\/museutronco.cchla.ufrn.br\/wp-content\/uploads\/2024\/05\/11-Davane-Costa-dos-Santos-e-filho-150x150.jpg\" class=\"attachment-thumbnail size-thumbnail\" alt=\"\" decoding=\"async\" aria-describedby=\"gallery-1-3289\" loading=\"lazy\" srcset=\"https:\/\/museutronco.cchla.ufrn.br\/wp-content\/uploads\/2024\/05\/11-Davane-Costa-dos-Santos-e-filho-150x150.jpg 150w, https:\/\/museutronco.cchla.ufrn.br\/wp-content\/uploads\/2024\/05\/11-Davane-Costa-dos-Santos-e-filho-230x230.jpg 230w, https:\/\/museutronco.cchla.ufrn.br\/wp-content\/uploads\/2024\/05\/11-Davane-Costa-dos-Santos-e-filho-400x400.jpg 400w, https:\/\/museutronco.cchla.ufrn.br\/wp-content\/uploads\/2024\/05\/11-Davane-Costa-dos-Santos-e-filho-640x640.jpg 640w, https:\/\/museutronco.cchla.ufrn.br\/wp-content\/uploads\/2024\/05\/11-Davane-Costa-dos-Santos-e-filho-40x40.jpg 40w, https:\/\/museutronco.cchla.ufrn.br\/wp-content\/uploads\/2024\/05\/11-Davane-Costa-dos-Santos-e-filho-275x275.jpg 275w\" sizes=\"(max-width: 150px) 100vw, 150px\" \/><\/a>\n\t\t\t<\/div>\n\t\t\t\t<figcaption class='wp-caption-text gallery-caption' id='gallery-1-3289'>\n\t\t\t\tDavane Costa dos Santos e filho\n\t\t\t\t<\/figcaption><\/figure><figure class='gallery-item'>\n\t\t\t<div class='gallery-icon landscape'>\n\t\t\t\t<a data-elementor-open-lightbox=\"yes\" data-elementor-lightbox-slideshow=\"d8f0c40\" data-elementor-lightbox-title=\"12 - Mar\u00edlia Lidiane dos Santos, filha de Davane Costa dos Santos\" data-e-action-hash=\"#elementor-action%3Aaction%3Dlightbox%26settings%3DeyJpZCI6MzI5MCwidXJsIjoiaHR0cHM6XC9cL211c2V1dHJvbmNvLmNjaGxhLnVmcm4uYnJcL3dwLWNvbnRlbnRcL3VwbG9hZHNcLzIwMjRcLzA1XC8xMi1NYXJpbGlhLUxpZGlhbmUtZG9zLVNhbnRvcy1maWxoYS1kZS1EYXZhbmUtQ29zdGEtZG9zLVNhbnRvcy1zY2FsZWQuanBnIiwic2xpZGVzaG93IjoiZDhmMGM0MCJ9\" href='https:\/\/museutronco.cchla.ufrn.br\/wp-content\/uploads\/2024\/05\/12-Marilia-Lidiane-dos-Santos-filha-de-Davane-Costa-dos-Santos-scaled.jpg'><img width=\"150\" height=\"150\" src=\"https:\/\/museutronco.cchla.ufrn.br\/wp-content\/uploads\/2024\/05\/12-Marilia-Lidiane-dos-Santos-filha-de-Davane-Costa-dos-Santos-150x150.jpg\" class=\"attachment-thumbnail size-thumbnail\" alt=\"\" decoding=\"async\" aria-describedby=\"gallery-1-3290\" loading=\"lazy\" srcset=\"https:\/\/museutronco.cchla.ufrn.br\/wp-content\/uploads\/2024\/05\/12-Marilia-Lidiane-dos-Santos-filha-de-Davane-Costa-dos-Santos-150x150.jpg 150w, https:\/\/museutronco.cchla.ufrn.br\/wp-content\/uploads\/2024\/05\/12-Marilia-Lidiane-dos-Santos-filha-de-Davane-Costa-dos-Santos-230x230.jpg 230w, https:\/\/museutronco.cchla.ufrn.br\/wp-content\/uploads\/2024\/05\/12-Marilia-Lidiane-dos-Santos-filha-de-Davane-Costa-dos-Santos-400x400.jpg 400w, https:\/\/museutronco.cchla.ufrn.br\/wp-content\/uploads\/2024\/05\/12-Marilia-Lidiane-dos-Santos-filha-de-Davane-Costa-dos-Santos-640x640.jpg 640w, https:\/\/museutronco.cchla.ufrn.br\/wp-content\/uploads\/2024\/05\/12-Marilia-Lidiane-dos-Santos-filha-de-Davane-Costa-dos-Santos-40x40.jpg 40w, https:\/\/museutronco.cchla.ufrn.br\/wp-content\/uploads\/2024\/05\/12-Marilia-Lidiane-dos-Santos-filha-de-Davane-Costa-dos-Santos-275x275.jpg 275w\" sizes=\"(max-width: 150px) 100vw, 150px\" \/><\/a>\n\t\t\t<\/div>\n\t\t\t\t<figcaption class='wp-caption-text gallery-caption' id='gallery-1-3290'>\n\t\t\t\tMar\u00edlia Lidiane dos Santos, filha de Davane Costa dos Santos\n\t\t\t\t<\/figcaption><\/figure><figure class='gallery-item'>\n\t\t\t<div class='gallery-icon landscape'>\n\t\t\t\t<a data-elementor-open-lightbox=\"yes\" data-elementor-lightbox-slideshow=\"d8f0c40\" data-elementor-lightbox-title=\"13 - Igreja de Nossa Senhora do Ros\u00e1rio de Caic\u00f3\" data-e-action-hash=\"#elementor-action%3Aaction%3Dlightbox%26settings%3DeyJpZCI6MzI5MSwidXJsIjoiaHR0cHM6XC9cL211c2V1dHJvbmNvLmNjaGxhLnVmcm4uYnJcL3dwLWNvbnRlbnRcL3VwbG9hZHNcLzIwMjRcLzA1XC8xMy1JZ3JlamEtZGUtTm9zc2EtU2VuaG9yYS1kby1Sb3NhcmlvLWRlLUNhaWNvLXNjYWxlZC5qcGciLCJzbGlkZXNob3ciOiJkOGYwYzQwIn0%3D\" href='https:\/\/museutronco.cchla.ufrn.br\/wp-content\/uploads\/2024\/05\/13-Igreja-de-Nossa-Senhora-do-Rosario-de-Caico-scaled.jpg'><img width=\"150\" height=\"150\" src=\"https:\/\/museutronco.cchla.ufrn.br\/wp-content\/uploads\/2024\/05\/13-Igreja-de-Nossa-Senhora-do-Rosario-de-Caico-150x150.jpg\" class=\"attachment-thumbnail size-thumbnail\" alt=\"\" decoding=\"async\" aria-describedby=\"gallery-1-3291\" loading=\"lazy\" srcset=\"https:\/\/museutronco.cchla.ufrn.br\/wp-content\/uploads\/2024\/05\/13-Igreja-de-Nossa-Senhora-do-Rosario-de-Caico-150x150.jpg 150w, https:\/\/museutronco.cchla.ufrn.br\/wp-content\/uploads\/2024\/05\/13-Igreja-de-Nossa-Senhora-do-Rosario-de-Caico-230x230.jpg 230w, https:\/\/museutronco.cchla.ufrn.br\/wp-content\/uploads\/2024\/05\/13-Igreja-de-Nossa-Senhora-do-Rosario-de-Caico-400x400.jpg 400w, https:\/\/museutronco.cchla.ufrn.br\/wp-content\/uploads\/2024\/05\/13-Igreja-de-Nossa-Senhora-do-Rosario-de-Caico-640x640.jpg 640w, https:\/\/museutronco.cchla.ufrn.br\/wp-content\/uploads\/2024\/05\/13-Igreja-de-Nossa-Senhora-do-Rosario-de-Caico-40x40.jpg 40w, https:\/\/museutronco.cchla.ufrn.br\/wp-content\/uploads\/2024\/05\/13-Igreja-de-Nossa-Senhora-do-Rosario-de-Caico-275x275.jpg 275w\" sizes=\"(max-width: 150px) 100vw, 150px\" \/><\/a>\n\t\t\t<\/div>\n\t\t\t\t<figcaption class='wp-caption-text gallery-caption' id='gallery-1-3291'>\n\t\t\t\tIgreja de Nossa Senhora do Ros\u00e1rio de Caic\u00f3\n\t\t\t\t<\/figcaption><\/figure><figure class='gallery-item'>\n\t\t\t<div class='gallery-icon landscape'>\n\t\t\t\t<a data-elementor-open-lightbox=\"yes\" data-elementor-lightbox-slideshow=\"d8f0c40\" data-elementor-lightbox-title=\"14 - Tambor, pra\u00e7a da igreja de Nossa Senhora do Ros\u00e1rio\" data-e-action-hash=\"#elementor-action%3Aaction%3Dlightbox%26settings%3DeyJpZCI6MzI5MiwidXJsIjoiaHR0cHM6XC9cL211c2V1dHJvbmNvLmNjaGxhLnVmcm4uYnJcL3dwLWNvbnRlbnRcL3VwbG9hZHNcLzIwMjRcLzA1XC8xNC1UYW1ib3ItcHJhY2EtZGEtaWdyZWphLWRlLU5vc3NhLVNlbmhvcmEtZG8tUm9zYXJpby1zY2FsZWQuanBnIiwic2xpZGVzaG93IjoiZDhmMGM0MCJ9\" href='https:\/\/museutronco.cchla.ufrn.br\/wp-content\/uploads\/2024\/05\/14-Tambor-praca-da-igreja-de-Nossa-Senhora-do-Rosario-scaled.jpg'><img width=\"150\" height=\"150\" src=\"https:\/\/museutronco.cchla.ufrn.br\/wp-content\/uploads\/2024\/05\/14-Tambor-praca-da-igreja-de-Nossa-Senhora-do-Rosario-150x150.jpg\" class=\"attachment-thumbnail size-thumbnail\" alt=\"\" decoding=\"async\" aria-describedby=\"gallery-1-3292\" loading=\"lazy\" srcset=\"https:\/\/museutronco.cchla.ufrn.br\/wp-content\/uploads\/2024\/05\/14-Tambor-praca-da-igreja-de-Nossa-Senhora-do-Rosario-150x150.jpg 150w, https:\/\/museutronco.cchla.ufrn.br\/wp-content\/uploads\/2024\/05\/14-Tambor-praca-da-igreja-de-Nossa-Senhora-do-Rosario-230x230.jpg 230w, https:\/\/museutronco.cchla.ufrn.br\/wp-content\/uploads\/2024\/05\/14-Tambor-praca-da-igreja-de-Nossa-Senhora-do-Rosario-400x400.jpg 400w, https:\/\/museutronco.cchla.ufrn.br\/wp-content\/uploads\/2024\/05\/14-Tambor-praca-da-igreja-de-Nossa-Senhora-do-Rosario-640x640.jpg 640w, https:\/\/museutronco.cchla.ufrn.br\/wp-content\/uploads\/2024\/05\/14-Tambor-praca-da-igreja-de-Nossa-Senhora-do-Rosario-40x40.jpg 40w, https:\/\/museutronco.cchla.ufrn.br\/wp-content\/uploads\/2024\/05\/14-Tambor-praca-da-igreja-de-Nossa-Senhora-do-Rosario-275x275.jpg 275w\" sizes=\"(max-width: 150px) 100vw, 150px\" \/><\/a>\n\t\t\t<\/div>\n\t\t\t\t<figcaption class='wp-caption-text gallery-caption' id='gallery-1-3292'>\n\t\t\t\tTambor, pra\u00e7a da igreja de Nossa Senhora do Ros\u00e1rio\n\t\t\t\t<\/figcaption><\/figure><figure class='gallery-item'>\n\t\t\t<div class='gallery-icon landscape'>\n\t\t\t\t<a data-elementor-open-lightbox=\"yes\" data-elementor-lightbox-slideshow=\"d8f0c40\" data-elementor-lightbox-title=\"15 - Igreja de Nossa Senhora do Ros\u00e1rio\" data-e-action-hash=\"#elementor-action%3Aaction%3Dlightbox%26settings%3DeyJpZCI6MzI5MywidXJsIjoiaHR0cHM6XC9cL211c2V1dHJvbmNvLmNjaGxhLnVmcm4uYnJcL3dwLWNvbnRlbnRcL3VwbG9hZHNcLzIwMjRcLzA1XC8xNS1JZ3JlamEtZGUtTm9zc2EtU2VuaG9yYS1kby1Sb3NhcmlvLXNjYWxlZC5qcGciLCJzbGlkZXNob3ciOiJkOGYwYzQwIn0%3D\" href='https:\/\/museutronco.cchla.ufrn.br\/wp-content\/uploads\/2024\/05\/15-Igreja-de-Nossa-Senhora-do-Rosario-scaled.jpg'><img width=\"150\" height=\"150\" src=\"https:\/\/museutronco.cchla.ufrn.br\/wp-content\/uploads\/2024\/05\/15-Igreja-de-Nossa-Senhora-do-Rosario-150x150.jpg\" class=\"attachment-thumbnail size-thumbnail\" alt=\"\" decoding=\"async\" aria-describedby=\"gallery-1-3293\" loading=\"lazy\" srcset=\"https:\/\/museutronco.cchla.ufrn.br\/wp-content\/uploads\/2024\/05\/15-Igreja-de-Nossa-Senhora-do-Rosario-150x150.jpg 150w, https:\/\/museutronco.cchla.ufrn.br\/wp-content\/uploads\/2024\/05\/15-Igreja-de-Nossa-Senhora-do-Rosario-230x230.jpg 230w, https:\/\/museutronco.cchla.ufrn.br\/wp-content\/uploads\/2024\/05\/15-Igreja-de-Nossa-Senhora-do-Rosario-400x400.jpg 400w, https:\/\/museutronco.cchla.ufrn.br\/wp-content\/uploads\/2024\/05\/15-Igreja-de-Nossa-Senhora-do-Rosario-640x640.jpg 640w, https:\/\/museutronco.cchla.ufrn.br\/wp-content\/uploads\/2024\/05\/15-Igreja-de-Nossa-Senhora-do-Rosario-40x40.jpg 40w, https:\/\/museutronco.cchla.ufrn.br\/wp-content\/uploads\/2024\/05\/15-Igreja-de-Nossa-Senhora-do-Rosario-275x275.jpg 275w\" sizes=\"(max-width: 150px) 100vw, 150px\" \/><\/a>\n\t\t\t<\/div>\n\t\t\t\t<figcaption class='wp-caption-text gallery-caption' id='gallery-1-3293'>\n\t\t\t\tIgreja de Nossa Senhora do Ros\u00e1rio\n\t\t\t\t<\/figcaption><\/figure>\n\t\t<\/div>\n\t\t<\/div>\n\t\t\t\t<\/div>\n\t\t\t\t<\/div>\n\t\t\t\t<\/div>\n\t\t<div class=\"elementor-element elementor-element-c049c11 e-con-full e-flex e-con e-parent\" data-id=\"c049c11\" data-element_type=\"container\" data-settings=\"{&quot;content_width&quot;:&quot;full&quot;}\" data-core-v316-plus=\"true\">\n\t\t\t\t<div class=\"elementor-element elementor-element-27a6c31 elementor-widget elementor-widget-text-editor\" data-id=\"27a6c31\" data-element_type=\"widget\" data-widget_type=\"text-editor.default\">\n\t\t\t\t<div class=\"elementor-widget-container\">\n\t\t\t\t\t\t\t<p style=\"padding-left: 80px;\">\u00a0 \u00a0 \u00a0Os retratos da irmandade dos negros do Ros\u00e1rio est\u00e3o presentes nas casas, na sede da<br \/>associa\u00e7\u00e3o e nas falas dos seus membros. As fotografias antigas dos reinados que est\u00e3o<br \/>expostas nas paredes se acompanham de relatos sobre o que foi visto e vivido. Inspiram<br \/>novas propostas para a preserva\u00e7\u00e3o dessa tradi\u00e7\u00e3o.<br \/>\u00a0 \u00a0 \u00a0A hist\u00f3ria da festa do Ros\u00e1rio em Caic\u00f3 tem suas origens em 1773, momento em que a<br \/>escraviza\u00e7\u00e3o dos africanos assegurou o estabelecimento do Imp\u00e9rio. Durante os s\u00e9culos XIX e<br \/>XX as festividades do folguedo marcaram a transmiss\u00e3o da hist\u00f3ria de resist\u00eancia dos povos<br \/>afro-brasileiros. Hoje em dia, a festa do Ros\u00e1rio de Caic\u00f3 \u00e9 organizada pela associa\u00e7\u00e3o da<br \/>irmandade dos negros do Ros\u00e1rio, localizada no bairro Jo\u00e3o XXIII, acontecendo sempre no m\u00eas<br \/>de outubro.<\/p><p style=\"padding-left: 80px;\">\u00a0 \u00a0 \u00a0Em 2020, devido \u00e0s restri\u00e7\u00f5es impostas pela pandemia causada pelo Covid-19, algumas<br \/>mudan\u00e7as restritivas ocorreram, como a limita\u00e7\u00e3o de pessoas em lugares fechados, o<br \/>distanciamento f\u00edsico e a utiliza\u00e7\u00e3o de m\u00e1scaras faciais, com a finalidade de reduzir o cont\u00e1gio<br \/>da doen\u00e7a.<\/p><p style=\"padding-left: 80px;\">\u00a0 \u00a0 \u00a0Mas essas mudan\u00e7as n\u00e3o impediram a realiza\u00e7\u00e3o da Festa dentro e fora da igreja do Ros\u00e1rio,<br \/>nem o seu registro pelas lentes da minha c\u00e2mera fotogr\u00e1fica. Caicoense vivendo em terras<br \/>estrangeiras, eu senti a necessidade de capturar as imagens que eram vistas desde a minha<br \/>inf\u00e2ncia como algo que precisava ser mantido para a posteridade.<br \/>Desde as minhas lembran\u00e7as mais distantes, o cortejo do reinado da festa do Ros\u00e1rio sempre<br \/>foi para todos que assistiam um forte conjunto de est\u00edmulos sensoriais. O som, as cores, o<br \/>movimento\u2026 tudo atuando ao mesmo tempo sob os olhos do espectador, que \u00e9 convidado a<br \/>vivenciar o raro momento de fus\u00e3o do ritual religioso ao festivo. O tambor e a ponta de lan\u00e7a<br \/>s\u00e3o as alegorias que protagonizam a liturgia religiosa durante a festa do Ros\u00e1rio.<br \/>Nos \u00faltimos tr\u00eas dias de festa em 2020, tive a oportunidade de vivenciar n\u00e3o somente a<br \/>experi\u00eancia de assistir a festa, mas tamb\u00e9m de registr\u00e1-la. Percorri caminhos f\u00edsicos e<br \/>simb\u00f3licos, cheios de significado. F\u00e1tima, presidente da Associa\u00e7\u00e3o da Irmandade, abriu as<br \/>portas para que eu pudesse transitar nos lugares de encontro da corte perp\u00e9tua e da<br \/>irmandade, segundo me foi narrado. A sede da irmandade, a casa do senhor Pedro Mariano, a<br \/>casa paroquial, a igreja e a pra\u00e7a do Ros\u00e1rio.<br \/>\u00a0 \u00a0 \u00a0Os reis e rainhas, escriv\u00e3es, ju\u00edzes, mestres e praticantes do batuque e da dan\u00e7a, todos enfim<br \/>que pude encontrar para fotografar escolheram contar sua hist\u00f3ria frente aos retratos<br \/>pregados na parede. S\u00e3o d\u00e9cadas de reinados da irmandade e do congado cheias de<br \/>curiosidades, tramas, rupturas e tentativas de continuidade, apesar de todas as dificuldades e<br \/>desafios.<br \/>\u00a0 \u00a0 \u00a0As revela\u00e7\u00f5es contidas nas hist\u00f3rias encontram os retratos \u00e0 prova de um passado real. A<br \/>galeria dos reinados, na sede da irmandade, tem o nome de Pedro Mariano dos Santos, em<br \/>mem\u00f3ria ao guardi\u00e3o do pioneiro dessa tradi\u00e7\u00e3o que teve a ideia de conservar a hist\u00f3ria dos<br \/>reinados. O senhor Pedro Mariano n\u00e3o est\u00e1 mais entre n\u00f3s, mas em sua casa no mesmo Bairro<br \/>Jo\u00e3o XXIII, a sua esposa, Dona Davane Costa dos Santos, filhas e filhos, netas e netos seguem<br \/>mantendo vivos os festejos do reinado perp\u00e9tuo; a parede especialmente montada com fotos<br \/>cuidadosamente guardadas continua sendo um lugar onde se conservam as mem\u00f3rias vivas.<\/p><p style=\"padding-left: 80px;\">\u00a0 \u00a0 \u00a0O relato final de uma entrevista concedida pela Rainha Perp\u00e9tua do Congo, Ana Santana dos<br \/>Santos, ao lado da Rainha da Irmandade do Ros\u00e1rio de 2020, Maria Lucilene da Silva, ocorreu<br \/>na mesa em frente ao cartaz de Jos\u00e9 Ezelino da Costa, fot\u00f3grafo negro seridoense nascido em<br \/>1889. Seus discursos foram livres e sem interven\u00e7\u00f5es. As palavras retratam como elas se<br \/>definem e o que esperam das revela\u00e7\u00f5es registradas pelas lentes de uma c\u00e2mera.<br \/>Retratar a festa do Ros\u00e1rio de Caic\u00f3 significa transmitir a tradi\u00e7\u00e3o em manter a mem\u00f3ria do<br \/>evento atrav\u00e9s da fotografia. Esses retratos, que antes eram realizados com c\u00e2meras<br \/>anal\u00f3gicas, agora s\u00e3o feitos em c\u00e2meras digitais. Revelar o que pode ser visto, sentido e,<br \/>literalmente, retratado na festa do Ros\u00e1rio de Caic\u00f3, \u00e9 um ato de reconhecimento e<br \/>continuidade. Que os retratos de hoje sirvam para manter a exist\u00eancia dos que estar\u00e3o<br \/>pregados nas paredes do amanh\u00e3.<br \/>\u00a0 \u00a0 \u00a0Os registros foram feitos por mim, Alyane Almeida de Ara\u00fajo, caicoense neta de Dona Maria e<br \/>Seu Tobias. Possuo forma\u00e7\u00e3o em direito pela UFRN (gradua\u00e7\u00e3o, especializa\u00e7\u00e3o e mestrado) e<br \/>cursei disciplinas no programa de p\u00f3s-gradua\u00e7\u00e3o em antropologia da mesma universidade.<br \/>Atualmente fa\u00e7o pesquisa de doutorado em direito sobre igualdade profissional de g\u00eanero na<br \/>Universidade de Lille, Fran\u00e7a.\u00a0<\/p>\t\t\t\t\t\t<\/div>\n\t\t\t\t<\/div>\n\t\t\t\t<\/div>\n\t\t<div class=\"elementor-element elementor-element-e9e2be6 e-con-full e-flex e-con e-parent\" data-id=\"e9e2be6\" data-element_type=\"container\" data-settings=\"{&quot;content_width&quot;:&quot;full&quot;}\" data-core-v316-plus=\"true\">\n\t\t\t\t<div class=\"elementor-element elementor-element-ef7523d elementor-align-center elementor-widget elementor-widget-button\" data-id=\"ef7523d\" data-element_type=\"widget\" data-widget_type=\"button.default\">\n\t\t\t\t<div class=\"elementor-widget-container\">\n\t\t\t\t\t<div class=\"elementor-button-wrapper\">\n\t\t\t<a class=\"elementor-button elementor-button-link elementor-size-sm\" href=\"http:\/\/museutronco.cchla.ufrn.br\/wp-content\/uploads\/2024\/04\/Versao-em-ingles-PORTRAIT-ON-THE-WALL.pdf\" target=\"_blank\">\n\t\t\t\t\t\t<span class=\"elementor-button-content-wrapper\">\n\t\t\t\t\t\t<span class=\"elementor-button-icon elementor-align-icon-right\">\n\t\t\t\t<i aria-hidden=\"true\" class=\"fas fa-external-link-alt\"><\/i>\t\t\t<\/span>\n\t\t\t\t\t\t<span class=\"elementor-button-text\">Texto em Ingl\u00eas<\/span>\n\t\t<\/span>\n\t\t\t\t\t<\/a>\n\t\t<\/div>\n\t\t\t\t<\/div>\n\t\t\t\t<\/div>\n\t\t\t\t<\/div>\n\t\t<div class=\"elementor-element elementor-element-32a090d e-con-full e-flex e-con e-parent\" data-id=\"32a090d\" data-element_type=\"container\" data-settings=\"{&quot;content_width&quot;:&quot;full&quot;}\" data-core-v316-plus=\"true\">\n\t\t\t\t<div class=\"elementor-element elementor-element-b6bdcc0 elementor-button-success elementor-align-center elementor-widget elementor-widget-button\" data-id=\"b6bdcc0\" data-element_type=\"widget\" data-widget_type=\"button.default\">\n\t\t\t\t<div class=\"elementor-widget-container\">\n\t\t\t\t\t<div class=\"elementor-button-wrapper\">\n\t\t\t<a class=\"elementor-button elementor-button-link elementor-size-sm\" href=\"http:\/\/museutronco.cchla.ufrn.br\/wp-content\/uploads\/2024\/04\/Versao-em-ingles-PORTRAIT-ON-THE-WALL.pdf\">\n\t\t\t\t\t\t<span class=\"elementor-button-content-wrapper\">\n\t\t\t\t\t\t<span class=\"elementor-button-icon elementor-align-icon-right\">\n\t\t\t\t<i aria-hidden=\"true\" class=\"fas fa-external-link-alt\"><\/i>\t\t\t<\/span>\n\t\t\t\t\t\t<span class=\"elementor-button-text\">Texto em Franc\u00eas<\/span>\n\t\t<\/span>\n\t\t\t\t\t<\/a>\n\t\t<\/div>\n\t\t\t\t<\/div>\n\t\t\t\t<\/div>\n\t\t\t\t<\/div>\n\t\t\t\t\t\t\t<\/div>\n\t\t","protected":false},"excerpt":{"rendered":"<p>Retrato na parede Festa do Ros\u00e1rio (Caic\u00f3 2020) Por: Alyane Almeida (UFRN), 2020. Outubro de 2020 &#8211; Festa do Ros\u00e1rio de Caic\u00f3, Rio Grande do Norte, Brasil &nbsp; &nbsp; &nbsp; A mem\u00f3ria da minha inf\u00e2ncia tem o cortejo do reinado da festa dos negros do Ros\u00e1rio de Caic\u00f3. O tambor, a ponta de lan\u00e7a, a [&hellip;]<\/p>\n","protected":false},"author":2,"featured_media":0,"parent":0,"menu_order":0,"comment_status":"closed","ping_status":"closed","template":"","meta":{"footnotes":""},"_links":{"self":[{"href":"https:\/\/museutronco.cchla.ufrn.br\/index.php?rest_route=\/wp\/v2\/pages\/3334"}],"collection":[{"href":"https:\/\/museutronco.cchla.ufrn.br\/index.php?rest_route=\/wp\/v2\/pages"}],"about":[{"href":"https:\/\/museutronco.cchla.ufrn.br\/index.php?rest_route=\/wp\/v2\/types\/page"}],"author":[{"embeddable":true,"href":"https:\/\/museutronco.cchla.ufrn.br\/index.php?rest_route=\/wp\/v2\/users\/2"}],"replies":[{"embeddable":true,"href":"https:\/\/museutronco.cchla.ufrn.br\/index.php?rest_route=%2Fwp%2Fv2%2Fcomments&post=3334"}],"version-history":[{"count":13,"href":"https:\/\/museutronco.cchla.ufrn.br\/index.php?rest_route=\/wp\/v2\/pages\/3334\/revisions"}],"predecessor-version":[{"id":4871,"href":"https:\/\/museutronco.cchla.ufrn.br\/index.php?rest_route=\/wp\/v2\/pages\/3334\/revisions\/4871"}],"wp:attachment":[{"href":"https:\/\/museutronco.cchla.ufrn.br\/index.php?rest_route=%2Fwp%2Fv2%2Fmedia&parent=3334"}],"curies":[{"name":"wp","href":"https:\/\/api.w.org\/{rel}","templated":true}]}}