{"id":2599,"date":"2024-04-07T21:05:11","date_gmt":"2024-04-08T00:05:11","guid":{"rendered":"http:\/\/museutronco.cchla.ufrn.br\/?page_id=2599"},"modified":"2025-05-29T18:56:03","modified_gmt":"2025-05-29T21:56:03","slug":"olhares-adolescentes","status":"publish","type":"page","link":"https:\/\/museutronco.cchla.ufrn.br\/?page_id=2599","title":{"rendered":"Olhares Adolescentes"},"content":{"rendered":"\t\t<div data-elementor-type=\"wp-page\" data-elementor-id=\"2599\" class=\"elementor elementor-2599\">\n\t\t\t\t\t\t\t<div class=\"elementor-element elementor-element-3d37f0c e-flex e-con-boxed e-con e-parent\" data-id=\"3d37f0c\" data-element_type=\"container\" data-settings=\"{&quot;content_width&quot;:&quot;boxed&quot;}\" data-core-v316-plus=\"true\">\n\t\t\t\t\t<div class=\"e-con-inner\">\n\t\t\t\t<div class=\"elementor-element elementor-element-dd43452 elementor-widget elementor-widget-heading\" data-id=\"dd43452\" data-element_type=\"widget\" data-widget_type=\"heading.default\">\n\t\t\t\t<div class=\"elementor-widget-container\">\n\t\t\t<style>\/*! elementor - v3.16.0 - 20-09-2023 *\/\n.elementor-heading-title{padding:0;margin:0;line-height:1}.elementor-widget-heading .elementor-heading-title[class*=elementor-size-]>a{color:inherit;font-size:inherit;line-height:inherit}.elementor-widget-heading .elementor-heading-title.elementor-size-small{font-size:15px}.elementor-widget-heading .elementor-heading-title.elementor-size-medium{font-size:19px}.elementor-widget-heading .elementor-heading-title.elementor-size-large{font-size:29px}.elementor-widget-heading .elementor-heading-title.elementor-size-xl{font-size:39px}.elementor-widget-heading .elementor-heading-title.elementor-size-xxl{font-size:59px}<\/style><h2 class=\"elementor-heading-title elementor-size-default\">Olhares Adolescentes<\/h2>\t\t<\/div>\n\t\t\t\t<\/div>\n\t\t\t\t<div class=\"elementor-element elementor-element-d3fab65 elementor-widget elementor-widget-text-editor\" data-id=\"d3fab65\" data-element_type=\"widget\" data-widget_type=\"text-editor.default\">\n\t\t\t\t<div class=\"elementor-widget-container\">\n\t\t\t<style>\/*! elementor - v3.16.0 - 20-09-2023 *\/\n.elementor-widget-text-editor.elementor-drop-cap-view-stacked .elementor-drop-cap{background-color:#69727d;color:#fff}.elementor-widget-text-editor.elementor-drop-cap-view-framed .elementor-drop-cap{color:#69727d;border:3px solid;background-color:transparent}.elementor-widget-text-editor:not(.elementor-drop-cap-view-default) .elementor-drop-cap{margin-top:8px}.elementor-widget-text-editor:not(.elementor-drop-cap-view-default) .elementor-drop-cap-letter{width:1em;height:1em}.elementor-widget-text-editor .elementor-drop-cap{float:left;text-align:center;line-height:1;font-size:50px}.elementor-widget-text-editor .elementor-drop-cap-letter{display:inline-block}<\/style>\t\t\t\t<p style=\"text-align: center;\">Por:&nbsp;<span style=\"letter-spacing: 0px;\">Julie A. Cavignac (UFRN) e&nbsp;<\/span><span style=\"letter-spacing: 0px;\">Maria Angela Bonifacio (PPGAS-UFRN), 2012 e 2013.<\/span><\/p>\t\t\t\t\t\t<\/div>\n\t\t\t\t<\/div>\n\t\t\t\t\t<\/div>\n\t\t\t\t<\/div>\n\t\t<div class=\"elementor-element elementor-element-9ac4572 e-con-full e-flex e-con e-parent\" data-id=\"9ac4572\" data-element_type=\"container\" data-settings=\"{&quot;content_width&quot;:&quot;full&quot;}\" data-core-v316-plus=\"true\">\n\t\t\t\t<div class=\"elementor-element elementor-element-7c5fd22 elementor-widget elementor-widget-text-editor\" data-id=\"7c5fd22\" data-element_type=\"widget\" data-widget_type=\"text-editor.default\">\n\t\t\t\t<div class=\"elementor-widget-container\">\n\t\t\t\t\t\t\t<p><span style=\"font-weight: 400;\">As imagens foram produzidas durante as oficinas ministradas pelo fot\u00f3grafo carioca Ac J\u00fanior entre 2012 e 2013 no Ponto de Cultura Espa\u00e7o de Resist\u00eancia (Boa Vista), em\u00a0 Parelhas e na cidade de Jardim do Serid\u00f3, no Rio Grande do Norte. As oficinas tiveram como objetivo despertar o olhar de jovens quilombolas e de adolescentes que vivem na cidade sobre o seu espa\u00e7o de vida, atrav\u00e9s das diferentes t\u00e9cnicas fotogr\u00e1ficas. Foram mais de 20 aprendizes fot\u00f3grafos que foram iniciados aos princ\u00edpios da forma\u00e7\u00e3o da imagem, o pin hole ou a fotografia sem c\u00e2mera, \u00e0 fotografia digital, com uma introdu\u00e7\u00e3o nos programas Photoshop, Lightroom \u00e0 digitaliza\u00e7\u00e3o e ao tratamento do arquivo digital.\u00a0<\/span><\/p><p><span style=\"font-weight: 400;\">As imagens revelam um olhar diferenciado dos jovens sobre sua realidade cotidiana e suas praticas culturais: a paisagem, a vegeta\u00e7\u00e3o, os lugares, os espa\u00e7os de vida, ganham cores diferenciadas. As moradias, os contrastes da vegeta\u00e7\u00e3o, a mudan\u00e7a nos costumes, a introdu\u00e7\u00e3o da tecnologia, as rela\u00e7\u00f5es raciais e os locais de trabalho s\u00e3o retratados pelos jovens. Um di\u00e1logo carregado de afeto se instala entre os modelos e seus fot\u00f3grafos: vizinhos, parentes, filhos, netos e afiliados s\u00e3o surpreendidos no seu cotidiano e brincam com o objetivo. Retratos sens\u00edveis do cotidiano que revelam as experi\u00eancias e os problemas vividos hoje no Serid\u00f3 potiguar.<\/span><\/p><p><span style=\"font-weight: 400;\">O programa de extens\u00e3o \u201cTronco, Ramos e Ra\u00edzes\u201d \u2013 inclus\u00e3o social e patrim\u00f4nio das comunidades quilombolas do Serid\u00f3\/RN&#8221; (PROEXT\/MEC-Sesu) existe desde 2012. Prop\u00f5e combater discrimina\u00e7\u00e3o racial, tendo como estrat\u00e9gia a valoriza\u00e7\u00e3o do patrim\u00f4nio imaterial afro-brasileiro e das manifesta\u00e7\u00f5es culturais e art\u00edsticas. O p\u00fablico alvo do programa s\u00e3o os adolescentes cujo interesse \u00e9 despertado pelas atividades propostas, em particular as que contam com o uso da tecnologia digital, da fotografia e do v\u00eddeo.<\/span><\/p>\t\t\t\t\t\t<\/div>\n\t\t\t\t<\/div>\n\t\t\t\t<\/div>\n\t\t<div class=\"elementor-element elementor-element-0c6da40 e-flex e-con-boxed e-con e-parent\" data-id=\"0c6da40\" data-element_type=\"container\" data-settings=\"{&quot;content_width&quot;:&quot;boxed&quot;}\" data-core-v316-plus=\"true\">\n\t\t\t\t\t<div class=\"e-con-inner\">\n\t\t\t\t<div class=\"elementor-element elementor-element-b59d523 elementor-widget elementor-widget-image-gallery\" data-id=\"b59d523\" data-element_type=\"widget\" data-widget_type=\"image-gallery.default\">\n\t\t\t\t<div class=\"elementor-widget-container\">\n\t\t\t<style>\/*! elementor - v3.16.0 - 20-09-2023 *\/\n.elementor-image-gallery .gallery-item{display:inline-block;text-align:center;vertical-align:top;width:100%;max-width:100%;margin:0 auto}.elementor-image-gallery .gallery-item img{margin:0 auto}.elementor-image-gallery .gallery-item .gallery-caption{margin:0}.elementor-image-gallery figure img{display:block}.elementor-image-gallery figure figcaption{width:100%}.gallery-spacing-custom .elementor-image-gallery .gallery-icon{padding:0}@media (min-width:768px){.elementor-image-gallery .gallery-columns-2 .gallery-item{max-width:50%}.elementor-image-gallery .gallery-columns-3 .gallery-item{max-width:33.33%}.elementor-image-gallery .gallery-columns-4 .gallery-item{max-width:25%}.elementor-image-gallery .gallery-columns-5 .gallery-item{max-width:20%}.elementor-image-gallery .gallery-columns-6 .gallery-item{max-width:16.666%}.elementor-image-gallery .gallery-columns-7 .gallery-item{max-width:14.28%}.elementor-image-gallery .gallery-columns-8 .gallery-item{max-width:12.5%}.elementor-image-gallery .gallery-columns-9 .gallery-item{max-width:11.11%}.elementor-image-gallery .gallery-columns-10 .gallery-item{max-width:10%}}@media (min-width:480px) and (max-width:767px){.elementor-image-gallery .gallery.gallery-columns-2 .gallery-item,.elementor-image-gallery .gallery.gallery-columns-3 .gallery-item,.elementor-image-gallery .gallery.gallery-columns-4 .gallery-item,.elementor-image-gallery .gallery.gallery-columns-5 .gallery-item,.elementor-image-gallery .gallery.gallery-columns-6 .gallery-item,.elementor-image-gallery .gallery.gallery-columns-7 .gallery-item,.elementor-image-gallery .gallery.gallery-columns-8 .gallery-item,.elementor-image-gallery .gallery.gallery-columns-9 .gallery-item,.elementor-image-gallery .gallery.gallery-columns-10 .gallery-item{max-width:50%}}@media (max-width:479px){.elementor-image-gallery .gallery.gallery-columns-2 .gallery-item,.elementor-image-gallery .gallery.gallery-columns-3 .gallery-item,.elementor-image-gallery .gallery.gallery-columns-4 .gallery-item,.elementor-image-gallery .gallery.gallery-columns-5 .gallery-item,.elementor-image-gallery .gallery.gallery-columns-6 .gallery-item,.elementor-image-gallery .gallery.gallery-columns-7 .gallery-item,.elementor-image-gallery .gallery.gallery-columns-8 .gallery-item,.elementor-image-gallery .gallery.gallery-columns-9 .gallery-item,.elementor-image-gallery .gallery.gallery-columns-10 .gallery-item{max-width:100%}}<\/style>\t\t<div class=\"elementor-image-gallery\">\n\t\t\t<div id='gallery-1' class='gallery galleryid-2599 gallery-columns-4 gallery-size-thumbnail'><figure class='gallery-item'>\n\t\t\t<div class='gallery-icon landscape'>\n\t\t\t\t<a data-elementor-open-lightbox=\"yes\" data-elementor-lightbox-slideshow=\"b59d523\" data-elementor-lightbox-title=\"1. Fronteiras da Caatinga\" data-e-action-hash=\"#elementor-action%3Aaction%3Dlightbox%26settings%3DeyJpZCI6MjYxMiwidXJsIjoiaHR0cHM6XC9cL211c2V1dHJvbmNvLmNjaGxhLnVmcm4uYnJcL3dwLWNvbnRlbnRcL3VwbG9hZHNcLzIwMjRcLzA0XC8xLi1Gcm9udGVpcmFzLWRhLUNhYXRpbmdhLnBuZyIsInNsaWRlc2hvdyI6ImI1OWQ1MjMifQ%3D%3D\" href='https:\/\/museutronco.cchla.ufrn.br\/wp-content\/uploads\/2024\/04\/1.-Fronteiras-da-Caatinga.png'><img width=\"150\" height=\"150\" src=\"https:\/\/museutronco.cchla.ufrn.br\/wp-content\/uploads\/2024\/04\/1.-Fronteiras-da-Caatinga-150x150.png\" class=\"attachment-thumbnail size-thumbnail\" alt=\"\" decoding=\"async\" aria-describedby=\"gallery-1-2612\" loading=\"lazy\" srcset=\"https:\/\/museutronco.cchla.ufrn.br\/wp-content\/uploads\/2024\/04\/1.-Fronteiras-da-Caatinga-150x150.png 150w, https:\/\/museutronco.cchla.ufrn.br\/wp-content\/uploads\/2024\/04\/1.-Fronteiras-da-Caatinga-230x230.png 230w, https:\/\/museutronco.cchla.ufrn.br\/wp-content\/uploads\/2024\/04\/1.-Fronteiras-da-Caatinga-400x400.png 400w, https:\/\/museutronco.cchla.ufrn.br\/wp-content\/uploads\/2024\/04\/1.-Fronteiras-da-Caatinga-40x40.png 40w, https:\/\/museutronco.cchla.ufrn.br\/wp-content\/uploads\/2024\/04\/1.-Fronteiras-da-Caatinga-275x275.png 275w\" sizes=\"(max-width: 150px) 100vw, 150px\" \/><\/a>\n\t\t\t<\/div>\n\t\t\t\t<figcaption class='wp-caption-text gallery-caption' id='gallery-1-2612'>\n\t\t\t\tFronteiras da caatinga Autoria: Cristov\u00e3o Lima (2012)\n\t\t\t\t<\/figcaption><\/figure><figure class='gallery-item'>\n\t\t\t<div class='gallery-icon landscape'>\n\t\t\t\t<a data-elementor-open-lightbox=\"yes\" data-elementor-lightbox-slideshow=\"b59d523\" data-elementor-lightbox-title=\"2. Dona Clotildes\" data-e-action-hash=\"#elementor-action%3Aaction%3Dlightbox%26settings%3DeyJpZCI6MjYxMSwidXJsIjoiaHR0cHM6XC9cL211c2V1dHJvbmNvLmNjaGxhLnVmcm4uYnJcL3dwLWNvbnRlbnRcL3VwbG9hZHNcLzIwMjRcLzA0XC8yLi1Eb25hLUNsb3RpbGRlcy5wbmciLCJzbGlkZXNob3ciOiJiNTlkNTIzIn0%3D\" href='https:\/\/museutronco.cchla.ufrn.br\/wp-content\/uploads\/2024\/04\/2.-Dona-Clotildes.png'><img width=\"150\" height=\"150\" src=\"https:\/\/museutronco.cchla.ufrn.br\/wp-content\/uploads\/2024\/04\/2.-Dona-Clotildes-150x150.png\" class=\"attachment-thumbnail size-thumbnail\" alt=\"\" decoding=\"async\" aria-describedby=\"gallery-1-2611\" loading=\"lazy\" srcset=\"https:\/\/museutronco.cchla.ufrn.br\/wp-content\/uploads\/2024\/04\/2.-Dona-Clotildes-150x150.png 150w, https:\/\/museutronco.cchla.ufrn.br\/wp-content\/uploads\/2024\/04\/2.-Dona-Clotildes-230x230.png 230w, https:\/\/museutronco.cchla.ufrn.br\/wp-content\/uploads\/2024\/04\/2.-Dona-Clotildes-400x400.png 400w, https:\/\/museutronco.cchla.ufrn.br\/wp-content\/uploads\/2024\/04\/2.-Dona-Clotildes-40x40.png 40w, https:\/\/museutronco.cchla.ufrn.br\/wp-content\/uploads\/2024\/04\/2.-Dona-Clotildes-275x275.png 275w\" sizes=\"(max-width: 150px) 100vw, 150px\" \/><\/a>\n\t\t\t<\/div>\n\t\t\t\t<figcaption class='wp-caption-text gallery-caption' id='gallery-1-2611'>\n\t\t\t\tDona Clotildes  Autoria: J\u00falia Cristina Dantas (2012)\n\t\t\t\t<\/figcaption><\/figure><figure class='gallery-item'>\n\t\t\t<div class='gallery-icon landscape'>\n\t\t\t\t<a data-elementor-open-lightbox=\"yes\" data-elementor-lightbox-slideshow=\"b59d523\" data-elementor-lightbox-title=\"3. Capela da Boa Vista\" data-e-action-hash=\"#elementor-action%3Aaction%3Dlightbox%26settings%3DeyJpZCI6MjYxMCwidXJsIjoiaHR0cHM6XC9cL211c2V1dHJvbmNvLmNjaGxhLnVmcm4uYnJcL3dwLWNvbnRlbnRcL3VwbG9hZHNcLzIwMjRcLzA0XC8zLi1DYXBlbGEtZGEtQm9hLVZpc3RhLnBuZyIsInNsaWRlc2hvdyI6ImI1OWQ1MjMifQ%3D%3D\" href='https:\/\/museutronco.cchla.ufrn.br\/wp-content\/uploads\/2024\/04\/3.-Capela-da-Boa-Vista.png'><img width=\"150\" height=\"150\" src=\"https:\/\/museutronco.cchla.ufrn.br\/wp-content\/uploads\/2024\/04\/3.-Capela-da-Boa-Vista-150x150.png\" class=\"attachment-thumbnail size-thumbnail\" alt=\"\" decoding=\"async\" aria-describedby=\"gallery-1-2610\" loading=\"lazy\" srcset=\"https:\/\/museutronco.cchla.ufrn.br\/wp-content\/uploads\/2024\/04\/3.-Capela-da-Boa-Vista-150x150.png 150w, https:\/\/museutronco.cchla.ufrn.br\/wp-content\/uploads\/2024\/04\/3.-Capela-da-Boa-Vista-230x230.png 230w, https:\/\/museutronco.cchla.ufrn.br\/wp-content\/uploads\/2024\/04\/3.-Capela-da-Boa-Vista-400x400.png 400w, https:\/\/museutronco.cchla.ufrn.br\/wp-content\/uploads\/2024\/04\/3.-Capela-da-Boa-Vista-40x40.png 40w, https:\/\/museutronco.cchla.ufrn.br\/wp-content\/uploads\/2024\/04\/3.-Capela-da-Boa-Vista-275x275.png 275w\" sizes=\"(max-width: 150px) 100vw, 150px\" \/><\/a>\n\t\t\t<\/div>\n\t\t\t\t<figcaption class='wp-caption-text gallery-caption' id='gallery-1-2610'>\n\t\t\t\tCapela da Boa Vista  Autoria: Jota Fernandes (2012)\n\t\t\t\t<\/figcaption><\/figure><figure class='gallery-item'>\n\t\t\t<div class='gallery-icon landscape'>\n\t\t\t\t<a data-elementor-open-lightbox=\"yes\" data-elementor-lightbox-slideshow=\"b59d523\" data-elementor-lightbox-title=\"4. Isac\" data-e-action-hash=\"#elementor-action%3Aaction%3Dlightbox%26settings%3DeyJpZCI6MjYyMCwidXJsIjoiaHR0cHM6XC9cL211c2V1dHJvbmNvLmNjaGxhLnVmcm4uYnJcL3dwLWNvbnRlbnRcL3VwbG9hZHNcLzIwMjRcLzA0XC80Li1Jc2FjLnBuZyIsInNsaWRlc2hvdyI6ImI1OWQ1MjMifQ%3D%3D\" href='https:\/\/museutronco.cchla.ufrn.br\/wp-content\/uploads\/2024\/04\/4.-Isac.png'><img width=\"150\" height=\"150\" src=\"https:\/\/museutronco.cchla.ufrn.br\/wp-content\/uploads\/2024\/04\/4.-Isac-150x150.png\" class=\"attachment-thumbnail size-thumbnail\" alt=\"\" decoding=\"async\" aria-describedby=\"gallery-1-2620\" loading=\"lazy\" srcset=\"https:\/\/museutronco.cchla.ufrn.br\/wp-content\/uploads\/2024\/04\/4.-Isac-150x150.png 150w, https:\/\/museutronco.cchla.ufrn.br\/wp-content\/uploads\/2024\/04\/4.-Isac-230x230.png 230w, https:\/\/museutronco.cchla.ufrn.br\/wp-content\/uploads\/2024\/04\/4.-Isac-400x400.png 400w, https:\/\/museutronco.cchla.ufrn.br\/wp-content\/uploads\/2024\/04\/4.-Isac-640x635.png 640w, https:\/\/museutronco.cchla.ufrn.br\/wp-content\/uploads\/2024\/04\/4.-Isac-40x40.png 40w, https:\/\/museutronco.cchla.ufrn.br\/wp-content\/uploads\/2024\/04\/4.-Isac-275x275.png 275w\" sizes=\"(max-width: 150px) 100vw, 150px\" \/><\/a>\n\t\t\t<\/div>\n\t\t\t\t<figcaption class='wp-caption-text gallery-caption' id='gallery-1-2620'>\n\t\t\t\tIsac Autoria: Jeferson Fernandes (2012)\n\t\t\t\t<\/figcaption><\/figure><figure class='gallery-item'>\n\t\t\t<div class='gallery-icon landscape'>\n\t\t\t\t<a data-elementor-open-lightbox=\"yes\" data-elementor-lightbox-slideshow=\"b59d523\" data-elementor-lightbox-title=\"5. As Boas Vistas\" data-e-action-hash=\"#elementor-action%3Aaction%3Dlightbox%26settings%3DeyJpZCI6MjYwOSwidXJsIjoiaHR0cHM6XC9cL211c2V1dHJvbmNvLmNjaGxhLnVmcm4uYnJcL3dwLWNvbnRlbnRcL3VwbG9hZHNcLzIwMjRcLzA0XC81Li1Bcy1Cb2FzLVZpc3Rhcy5wbmciLCJzbGlkZXNob3ciOiJiNTlkNTIzIn0%3D\" href='https:\/\/museutronco.cchla.ufrn.br\/wp-content\/uploads\/2024\/04\/5.-As-Boas-Vistas.png'><img width=\"150\" height=\"150\" src=\"https:\/\/museutronco.cchla.ufrn.br\/wp-content\/uploads\/2024\/04\/5.-As-Boas-Vistas-150x150.png\" class=\"attachment-thumbnail size-thumbnail\" alt=\"\" decoding=\"async\" aria-describedby=\"gallery-1-2609\" loading=\"lazy\" srcset=\"https:\/\/museutronco.cchla.ufrn.br\/wp-content\/uploads\/2024\/04\/5.-As-Boas-Vistas-150x150.png 150w, https:\/\/museutronco.cchla.ufrn.br\/wp-content\/uploads\/2024\/04\/5.-As-Boas-Vistas-230x230.png 230w, https:\/\/museutronco.cchla.ufrn.br\/wp-content\/uploads\/2024\/04\/5.-As-Boas-Vistas-400x400.png 400w, https:\/\/museutronco.cchla.ufrn.br\/wp-content\/uploads\/2024\/04\/5.-As-Boas-Vistas-640x640.png 640w, https:\/\/museutronco.cchla.ufrn.br\/wp-content\/uploads\/2024\/04\/5.-As-Boas-Vistas-40x40.png 40w, https:\/\/museutronco.cchla.ufrn.br\/wp-content\/uploads\/2024\/04\/5.-As-Boas-Vistas-275x275.png 275w\" sizes=\"(max-width: 150px) 100vw, 150px\" \/><\/a>\n\t\t\t<\/div>\n\t\t\t\t<figcaption class='wp-caption-text gallery-caption' id='gallery-1-2609'>\n\t\t\t\tAs Boas Vistas  Autoria: Emerson Medeiros (2013)\n\t\t\t\t<\/figcaption><\/figure><figure class='gallery-item'>\n\t\t\t<div class='gallery-icon landscape'>\n\t\t\t\t<a data-elementor-open-lightbox=\"yes\" data-elementor-lightbox-slideshow=\"b59d523\" data-elementor-lightbox-title=\"6. Dodoca\" data-e-action-hash=\"#elementor-action%3Aaction%3Dlightbox%26settings%3DeyJpZCI6MjYwOCwidXJsIjoiaHR0cHM6XC9cL211c2V1dHJvbmNvLmNjaGxhLnVmcm4uYnJcL3dwLWNvbnRlbnRcL3VwbG9hZHNcLzIwMjRcLzA0XC82Li1Eb2RvY2EucG5nIiwic2xpZGVzaG93IjoiYjU5ZDUyMyJ9\" href='https:\/\/museutronco.cchla.ufrn.br\/wp-content\/uploads\/2024\/04\/6.-Dodoca.png'><img width=\"150\" height=\"150\" src=\"https:\/\/museutronco.cchla.ufrn.br\/wp-content\/uploads\/2024\/04\/6.-Dodoca-150x150.png\" class=\"attachment-thumbnail size-thumbnail\" alt=\"\" decoding=\"async\" aria-describedby=\"gallery-1-2608\" loading=\"lazy\" srcset=\"https:\/\/museutronco.cchla.ufrn.br\/wp-content\/uploads\/2024\/04\/6.-Dodoca-150x150.png 150w, https:\/\/museutronco.cchla.ufrn.br\/wp-content\/uploads\/2024\/04\/6.-Dodoca-230x230.png 230w, https:\/\/museutronco.cchla.ufrn.br\/wp-content\/uploads\/2024\/04\/6.-Dodoca-400x400.png 400w, https:\/\/museutronco.cchla.ufrn.br\/wp-content\/uploads\/2024\/04\/6.-Dodoca-40x40.png 40w, https:\/\/museutronco.cchla.ufrn.br\/wp-content\/uploads\/2024\/04\/6.-Dodoca-275x275.png 275w\" sizes=\"(max-width: 150px) 100vw, 150px\" \/><\/a>\n\t\t\t<\/div>\n\t\t\t\t<figcaption class='wp-caption-text gallery-caption' id='gallery-1-2608'>\n\t\t\t\tDodoca  Autoria: Rossane Marjore dos Santos (2012)\n\t\t\t\t<\/figcaption><\/figure><figure class='gallery-item'>\n\t\t\t<div class='gallery-icon landscape'>\n\t\t\t\t<a data-elementor-open-lightbox=\"yes\" data-elementor-lightbox-slideshow=\"b59d523\" data-elementor-lightbox-title=\"7. Cer\u00e2mica\" data-e-action-hash=\"#elementor-action%3Aaction%3Dlightbox%26settings%3DeyJpZCI6MjYwNywidXJsIjoiaHR0cHM6XC9cL211c2V1dHJvbmNvLmNjaGxhLnVmcm4uYnJcL3dwLWNvbnRlbnRcL3VwbG9hZHNcLzIwMjRcLzA0XC83Li1DZXJhbWljYS5wbmciLCJzbGlkZXNob3ciOiJiNTlkNTIzIn0%3D\" href='https:\/\/museutronco.cchla.ufrn.br\/wp-content\/uploads\/2024\/04\/7.-Ceramica.png'><img width=\"150\" height=\"150\" src=\"https:\/\/museutronco.cchla.ufrn.br\/wp-content\/uploads\/2024\/04\/7.-Ceramica-150x150.png\" class=\"attachment-thumbnail size-thumbnail\" alt=\"\" decoding=\"async\" aria-describedby=\"gallery-1-2607\" loading=\"lazy\" srcset=\"https:\/\/museutronco.cchla.ufrn.br\/wp-content\/uploads\/2024\/04\/7.-Ceramica-150x150.png 150w, https:\/\/museutronco.cchla.ufrn.br\/wp-content\/uploads\/2024\/04\/7.-Ceramica-230x230.png 230w, https:\/\/museutronco.cchla.ufrn.br\/wp-content\/uploads\/2024\/04\/7.-Ceramica-400x400.png 400w, https:\/\/museutronco.cchla.ufrn.br\/wp-content\/uploads\/2024\/04\/7.-Ceramica-640x640.png 640w, https:\/\/museutronco.cchla.ufrn.br\/wp-content\/uploads\/2024\/04\/7.-Ceramica-40x40.png 40w, https:\/\/museutronco.cchla.ufrn.br\/wp-content\/uploads\/2024\/04\/7.-Ceramica-275x275.png 275w\" sizes=\"(max-width: 150px) 100vw, 150px\" \/><\/a>\n\t\t\t<\/div>\n\t\t\t\t<figcaption class='wp-caption-text gallery-caption' id='gallery-1-2607'>\n\t\t\t\tCer\u00e2mica Autoria: Heloisa Martins (2013)\n\t\t\t\t<\/figcaption><\/figure><figure class='gallery-item'>\n\t\t\t<div class='gallery-icon landscape'>\n\t\t\t\t<a data-elementor-open-lightbox=\"yes\" data-elementor-lightbox-slideshow=\"b59d523\" data-elementor-lightbox-title=\"8. Dona Chica\" data-e-action-hash=\"#elementor-action%3Aaction%3Dlightbox%26settings%3DeyJpZCI6MjYwNiwidXJsIjoiaHR0cHM6XC9cL211c2V1dHJvbmNvLmNjaGxhLnVmcm4uYnJcL3dwLWNvbnRlbnRcL3VwbG9hZHNcLzIwMjRcLzA0XC84Li1Eb25hLUNoaWNhLnBuZyIsInNsaWRlc2hvdyI6ImI1OWQ1MjMifQ%3D%3D\" href='https:\/\/museutronco.cchla.ufrn.br\/wp-content\/uploads\/2024\/04\/8.-Dona-Chica.png'><img width=\"150\" height=\"150\" src=\"https:\/\/museutronco.cchla.ufrn.br\/wp-content\/uploads\/2024\/04\/8.-Dona-Chica-150x150.png\" class=\"attachment-thumbnail size-thumbnail\" alt=\"\" decoding=\"async\" aria-describedby=\"gallery-1-2606\" loading=\"lazy\" srcset=\"https:\/\/museutronco.cchla.ufrn.br\/wp-content\/uploads\/2024\/04\/8.-Dona-Chica-150x150.png 150w, https:\/\/museutronco.cchla.ufrn.br\/wp-content\/uploads\/2024\/04\/8.-Dona-Chica-230x230.png 230w, https:\/\/museutronco.cchla.ufrn.br\/wp-content\/uploads\/2024\/04\/8.-Dona-Chica-400x400.png 400w, https:\/\/museutronco.cchla.ufrn.br\/wp-content\/uploads\/2024\/04\/8.-Dona-Chica-40x40.png 40w, https:\/\/museutronco.cchla.ufrn.br\/wp-content\/uploads\/2024\/04\/8.-Dona-Chica-275x275.png 275w\" sizes=\"(max-width: 150px) 100vw, 150px\" \/><\/a>\n\t\t\t<\/div>\n\t\t\t\t<figcaption class='wp-caption-text gallery-caption' id='gallery-1-2606'>\n\t\t\t\tDona Chica Autoria: Gaby Oliveira (2012)\n\t\t\t\t<\/figcaption><\/figure><figure class='gallery-item'>\n\t\t\t<div class='gallery-icon landscape'>\n\t\t\t\t<a data-elementor-open-lightbox=\"yes\" data-elementor-lightbox-slideshow=\"b59d523\" data-elementor-lightbox-title=\"9. Manoel Miguel\" data-e-action-hash=\"#elementor-action%3Aaction%3Dlightbox%26settings%3DeyJpZCI6MjYxOSwidXJsIjoiaHR0cHM6XC9cL211c2V1dHJvbmNvLmNjaGxhLnVmcm4uYnJcL3dwLWNvbnRlbnRcL3VwbG9hZHNcLzIwMjRcLzA0XC85Li1NYW5vZWwtTWlndWVsLnBuZyIsInNsaWRlc2hvdyI6ImI1OWQ1MjMifQ%3D%3D\" href='https:\/\/museutronco.cchla.ufrn.br\/wp-content\/uploads\/2024\/04\/9.-Manoel-Miguel.png'><img width=\"150\" height=\"150\" src=\"https:\/\/museutronco.cchla.ufrn.br\/wp-content\/uploads\/2024\/04\/9.-Manoel-Miguel-150x150.png\" class=\"attachment-thumbnail size-thumbnail\" alt=\"\" decoding=\"async\" aria-describedby=\"gallery-1-2619\" loading=\"lazy\" srcset=\"https:\/\/museutronco.cchla.ufrn.br\/wp-content\/uploads\/2024\/04\/9.-Manoel-Miguel-150x150.png 150w, https:\/\/museutronco.cchla.ufrn.br\/wp-content\/uploads\/2024\/04\/9.-Manoel-Miguel-230x230.png 230w, https:\/\/museutronco.cchla.ufrn.br\/wp-content\/uploads\/2024\/04\/9.-Manoel-Miguel-400x400.png 400w, https:\/\/museutronco.cchla.ufrn.br\/wp-content\/uploads\/2024\/04\/9.-Manoel-Miguel-640x640.png 640w, https:\/\/museutronco.cchla.ufrn.br\/wp-content\/uploads\/2024\/04\/9.-Manoel-Miguel-40x40.png 40w, https:\/\/museutronco.cchla.ufrn.br\/wp-content\/uploads\/2024\/04\/9.-Manoel-Miguel-275x275.png 275w\" sizes=\"(max-width: 150px) 100vw, 150px\" \/><\/a>\n\t\t\t<\/div>\n\t\t\t\t<figcaption class='wp-caption-text gallery-caption' id='gallery-1-2619'>\n\t\t\t\tManoel Miguel Autoria: Sandyanne Fernandes Lima (2012)\n\t\t\t\t<\/figcaption><\/figure><figure class='gallery-item'>\n\t\t\t<div class='gallery-icon landscape'>\n\t\t\t\t<a data-elementor-open-lightbox=\"yes\" data-elementor-lightbox-slideshow=\"b59d523\" data-elementor-lightbox-title=\"10. Teca\" data-e-action-hash=\"#elementor-action%3Aaction%3Dlightbox%26settings%3DeyJpZCI6MjYwNSwidXJsIjoiaHR0cHM6XC9cL211c2V1dHJvbmNvLmNjaGxhLnVmcm4uYnJcL3dwLWNvbnRlbnRcL3VwbG9hZHNcLzIwMjRcLzA0XC8xMC4tVGVjYS5wbmciLCJzbGlkZXNob3ciOiJiNTlkNTIzIn0%3D\" href='https:\/\/museutronco.cchla.ufrn.br\/wp-content\/uploads\/2024\/04\/10.-Teca.png'><img width=\"150\" height=\"150\" src=\"https:\/\/museutronco.cchla.ufrn.br\/wp-content\/uploads\/2024\/04\/10.-Teca-150x150.png\" class=\"attachment-thumbnail size-thumbnail\" alt=\"\" decoding=\"async\" aria-describedby=\"gallery-1-2605\" loading=\"lazy\" srcset=\"https:\/\/museutronco.cchla.ufrn.br\/wp-content\/uploads\/2024\/04\/10.-Teca-150x150.png 150w, https:\/\/museutronco.cchla.ufrn.br\/wp-content\/uploads\/2024\/04\/10.-Teca-230x230.png 230w, https:\/\/museutronco.cchla.ufrn.br\/wp-content\/uploads\/2024\/04\/10.-Teca-400x400.png 400w, https:\/\/museutronco.cchla.ufrn.br\/wp-content\/uploads\/2024\/04\/10.-Teca-40x40.png 40w, https:\/\/museutronco.cchla.ufrn.br\/wp-content\/uploads\/2024\/04\/10.-Teca-275x275.png 275w\" sizes=\"(max-width: 150px) 100vw, 150px\" \/><\/a>\n\t\t\t<\/div>\n\t\t\t\t<figcaption class='wp-caption-text gallery-caption' id='gallery-1-2605'>\n\t\t\t\tTeca Autoria: Lillian Suzana Fernandes Lima (2012)\n\t\t\t\t<\/figcaption><\/figure><figure class='gallery-item'>\n\t\t\t<div class='gallery-icon landscape'>\n\t\t\t\t<a data-elementor-open-lightbox=\"yes\" data-elementor-lightbox-slideshow=\"b59d523\" data-elementor-lightbox-title=\"11. Dona Geralda\" data-e-action-hash=\"#elementor-action%3Aaction%3Dlightbox%26settings%3DeyJpZCI6MjYwNCwidXJsIjoiaHR0cHM6XC9cL211c2V1dHJvbmNvLmNjaGxhLnVmcm4uYnJcL3dwLWNvbnRlbnRcL3VwbG9hZHNcLzIwMjRcLzA0XC8xMS4tRG9uYS1HZXJhbGRhLnBuZyIsInNsaWRlc2hvdyI6ImI1OWQ1MjMifQ%3D%3D\" href='https:\/\/museutronco.cchla.ufrn.br\/wp-content\/uploads\/2024\/04\/11.-Dona-Geralda.png'><img width=\"150\" height=\"150\" src=\"https:\/\/museutronco.cchla.ufrn.br\/wp-content\/uploads\/2024\/04\/11.-Dona-Geralda-150x150.png\" class=\"attachment-thumbnail size-thumbnail\" alt=\"\" decoding=\"async\" aria-describedby=\"gallery-1-2604\" loading=\"lazy\" srcset=\"https:\/\/museutronco.cchla.ufrn.br\/wp-content\/uploads\/2024\/04\/11.-Dona-Geralda-150x150.png 150w, https:\/\/museutronco.cchla.ufrn.br\/wp-content\/uploads\/2024\/04\/11.-Dona-Geralda-230x230.png 230w, https:\/\/museutronco.cchla.ufrn.br\/wp-content\/uploads\/2024\/04\/11.-Dona-Geralda-400x400.png 400w, https:\/\/museutronco.cchla.ufrn.br\/wp-content\/uploads\/2024\/04\/11.-Dona-Geralda-40x40.png 40w, https:\/\/museutronco.cchla.ufrn.br\/wp-content\/uploads\/2024\/04\/11.-Dona-Geralda-275x275.png 275w\" sizes=\"(max-width: 150px) 100vw, 150px\" \/><\/a>\n\t\t\t<\/div>\n\t\t\t\t<figcaption class='wp-caption-text gallery-caption' id='gallery-1-2604'>\n\t\t\t\tDona Geralda Autoria: Lillian Suzana Fernandes Lima (2012)\n\t\t\t\t<\/figcaption><\/figure><figure class='gallery-item'>\n\t\t\t<div class='gallery-icon landscape'>\n\t\t\t\t<a data-elementor-open-lightbox=\"yes\" data-elementor-lightbox-slideshow=\"b59d523\" data-elementor-lightbox-title=\"12. Macaro e Dona Bibi\" data-e-action-hash=\"#elementor-action%3Aaction%3Dlightbox%26settings%3DeyJpZCI6MjYxNywidXJsIjoiaHR0cHM6XC9cL211c2V1dHJvbmNvLmNjaGxhLnVmcm4uYnJcL3dwLWNvbnRlbnRcL3VwbG9hZHNcLzIwMjRcLzA0XC8xMi4tTWFjYXJvLWUtRG9uYS1CaWJpLnBuZyIsInNsaWRlc2hvdyI6ImI1OWQ1MjMifQ%3D%3D\" href='https:\/\/museutronco.cchla.ufrn.br\/wp-content\/uploads\/2024\/04\/12.-Macaro-e-Dona-Bibi.png'><img width=\"150\" height=\"150\" src=\"https:\/\/museutronco.cchla.ufrn.br\/wp-content\/uploads\/2024\/04\/12.-Macaro-e-Dona-Bibi-150x150.png\" class=\"attachment-thumbnail size-thumbnail\" alt=\"\" decoding=\"async\" aria-describedby=\"gallery-1-2617\" loading=\"lazy\" srcset=\"https:\/\/museutronco.cchla.ufrn.br\/wp-content\/uploads\/2024\/04\/12.-Macaro-e-Dona-Bibi-150x150.png 150w, https:\/\/museutronco.cchla.ufrn.br\/wp-content\/uploads\/2024\/04\/12.-Macaro-e-Dona-Bibi-230x230.png 230w, https:\/\/museutronco.cchla.ufrn.br\/wp-content\/uploads\/2024\/04\/12.-Macaro-e-Dona-Bibi-400x400.png 400w, https:\/\/museutronco.cchla.ufrn.br\/wp-content\/uploads\/2024\/04\/12.-Macaro-e-Dona-Bibi-640x640.png 640w, https:\/\/museutronco.cchla.ufrn.br\/wp-content\/uploads\/2024\/04\/12.-Macaro-e-Dona-Bibi-40x40.png 40w, https:\/\/museutronco.cchla.ufrn.br\/wp-content\/uploads\/2024\/04\/12.-Macaro-e-Dona-Bibi-275x275.png 275w\" sizes=\"(max-width: 150px) 100vw, 150px\" \/><\/a>\n\t\t\t<\/div>\n\t\t\t\t<figcaption class='wp-caption-text gallery-caption' id='gallery-1-2617'>\n\t\t\t\tMacaro e Dona Bibi Autoria: Lillian Suzana Fernandes Lima (2013)\n\t\t\t\t<\/figcaption><\/figure><figure class='gallery-item'>\n\t\t\t<div class='gallery-icon landscape'>\n\t\t\t\t<a data-elementor-open-lightbox=\"yes\" data-elementor-lightbox-slideshow=\"b59d523\" data-elementor-lightbox-title=\"13. Z\u00e9 de Biu\" data-e-action-hash=\"#elementor-action%3Aaction%3Dlightbox%26settings%3DeyJpZCI6MjYxNiwidXJsIjoiaHR0cHM6XC9cL211c2V1dHJvbmNvLmNjaGxhLnVmcm4uYnJcL3dwLWNvbnRlbnRcL3VwbG9hZHNcLzIwMjRcLzA0XC8xMy4tWmUtZGUtQml1LnBuZyIsInNsaWRlc2hvdyI6ImI1OWQ1MjMifQ%3D%3D\" href='https:\/\/museutronco.cchla.ufrn.br\/wp-content\/uploads\/2024\/04\/13.-Ze-de-Biu.png'><img width=\"150\" height=\"150\" src=\"https:\/\/museutronco.cchla.ufrn.br\/wp-content\/uploads\/2024\/04\/13.-Ze-de-Biu-150x150.png\" class=\"attachment-thumbnail size-thumbnail\" alt=\"\" decoding=\"async\" aria-describedby=\"gallery-1-2616\" loading=\"lazy\" srcset=\"https:\/\/museutronco.cchla.ufrn.br\/wp-content\/uploads\/2024\/04\/13.-Ze-de-Biu-150x150.png 150w, https:\/\/museutronco.cchla.ufrn.br\/wp-content\/uploads\/2024\/04\/13.-Ze-de-Biu-230x230.png 230w, https:\/\/museutronco.cchla.ufrn.br\/wp-content\/uploads\/2024\/04\/13.-Ze-de-Biu-400x400.png 400w, https:\/\/museutronco.cchla.ufrn.br\/wp-content\/uploads\/2024\/04\/13.-Ze-de-Biu-40x40.png 40w, https:\/\/museutronco.cchla.ufrn.br\/wp-content\/uploads\/2024\/04\/13.-Ze-de-Biu-275x275.png 275w\" sizes=\"(max-width: 150px) 100vw, 150px\" \/><\/a>\n\t\t\t<\/div>\n\t\t\t\t<figcaption class='wp-caption-text gallery-caption' id='gallery-1-2616'>\n\t\t\t\tZ\u00e9 de Biu Autoria: Swesley Judionara da Cruz (2013)\n\t\t\t\t<\/figcaption><\/figure><figure class='gallery-item'>\n\t\t\t<div class='gallery-icon landscape'>\n\t\t\t\t<a data-elementor-open-lightbox=\"yes\" data-elementor-lightbox-slideshow=\"b59d523\" data-elementor-lightbox-title=\"14. Anoitecer\" data-e-action-hash=\"#elementor-action%3Aaction%3Dlightbox%26settings%3DeyJpZCI6MjYwMywidXJsIjoiaHR0cHM6XC9cL211c2V1dHJvbmNvLmNjaGxhLnVmcm4uYnJcL3dwLWNvbnRlbnRcL3VwbG9hZHNcLzIwMjRcLzA0XC8xNC4tQW5vaXRlY2VyLnBuZyIsInNsaWRlc2hvdyI6ImI1OWQ1MjMifQ%3D%3D\" href='https:\/\/museutronco.cchla.ufrn.br\/wp-content\/uploads\/2024\/04\/14.-Anoitecer.png'><img width=\"150\" height=\"150\" src=\"https:\/\/museutronco.cchla.ufrn.br\/wp-content\/uploads\/2024\/04\/14.-Anoitecer-150x150.png\" class=\"attachment-thumbnail size-thumbnail\" alt=\"\" decoding=\"async\" aria-describedby=\"gallery-1-2603\" loading=\"lazy\" srcset=\"https:\/\/museutronco.cchla.ufrn.br\/wp-content\/uploads\/2024\/04\/14.-Anoitecer-150x150.png 150w, https:\/\/museutronco.cchla.ufrn.br\/wp-content\/uploads\/2024\/04\/14.-Anoitecer-230x230.png 230w, https:\/\/museutronco.cchla.ufrn.br\/wp-content\/uploads\/2024\/04\/14.-Anoitecer-400x400.png 400w, https:\/\/museutronco.cchla.ufrn.br\/wp-content\/uploads\/2024\/04\/14.-Anoitecer-40x40.png 40w, https:\/\/museutronco.cchla.ufrn.br\/wp-content\/uploads\/2024\/04\/14.-Anoitecer-275x275.png 275w\" sizes=\"(max-width: 150px) 100vw, 150px\" \/><\/a>\n\t\t\t<\/div>\n\t\t\t\t<figcaption class='wp-caption-text gallery-caption' id='gallery-1-2603'>\n\t\t\t\tAnoitecer Autoria: Swesley Judionara da Cruz (2012)\n\t\t\t\t<\/figcaption><\/figure><figure class='gallery-item'>\n\t\t\t<div class='gallery-icon landscape'>\n\t\t\t\t<a data-elementor-open-lightbox=\"yes\" data-elementor-lightbox-slideshow=\"b59d523\" data-elementor-lightbox-title=\"15. Dona Clotildes e seu bisneto\" data-e-action-hash=\"#elementor-action%3Aaction%3Dlightbox%26settings%3DeyJpZCI6MjYxNSwidXJsIjoiaHR0cHM6XC9cL211c2V1dHJvbmNvLmNjaGxhLnVmcm4uYnJcL3dwLWNvbnRlbnRcL3VwbG9hZHNcLzIwMjRcLzA0XC8xNS4tRG9uYS1DbG90aWxkZXMtZS1zZXUtYmlzbmV0by5wbmciLCJzbGlkZXNob3ciOiJiNTlkNTIzIn0%3D\" href='https:\/\/museutronco.cchla.ufrn.br\/wp-content\/uploads\/2024\/04\/15.-Dona-Clotildes-e-seu-bisneto.png'><img width=\"150\" height=\"150\" src=\"https:\/\/museutronco.cchla.ufrn.br\/wp-content\/uploads\/2024\/04\/15.-Dona-Clotildes-e-seu-bisneto-150x150.png\" class=\"attachment-thumbnail size-thumbnail\" alt=\"\" decoding=\"async\" aria-describedby=\"gallery-1-2615\" loading=\"lazy\" srcset=\"https:\/\/museutronco.cchla.ufrn.br\/wp-content\/uploads\/2024\/04\/15.-Dona-Clotildes-e-seu-bisneto-150x150.png 150w, https:\/\/museutronco.cchla.ufrn.br\/wp-content\/uploads\/2024\/04\/15.-Dona-Clotildes-e-seu-bisneto-230x230.png 230w, https:\/\/museutronco.cchla.ufrn.br\/wp-content\/uploads\/2024\/04\/15.-Dona-Clotildes-e-seu-bisneto-400x400.png 400w, https:\/\/museutronco.cchla.ufrn.br\/wp-content\/uploads\/2024\/04\/15.-Dona-Clotildes-e-seu-bisneto-40x40.png 40w, https:\/\/museutronco.cchla.ufrn.br\/wp-content\/uploads\/2024\/04\/15.-Dona-Clotildes-e-seu-bisneto-275x275.png 275w\" sizes=\"(max-width: 150px) 100vw, 150px\" \/><\/a>\n\t\t\t<\/div>\n\t\t\t\t<figcaption class='wp-caption-text gallery-caption' id='gallery-1-2615'>\n\t\t\t\tDona Clotildes e seu bisneto Autoria: Swesley Judionara da Cruz (2013)\n\t\t\t\t<\/figcaption><\/figure><figure class='gallery-item'>\n\t\t\t<div class='gallery-icon landscape'>\n\t\t\t\t<a data-elementor-open-lightbox=\"yes\" data-elementor-lightbox-slideshow=\"b59d523\" data-elementor-lightbox-title=\"16. Fronteiras domesticas\" data-e-action-hash=\"#elementor-action%3Aaction%3Dlightbox%26settings%3DeyJpZCI6MjYyMiwidXJsIjoiaHR0cHM6XC9cL211c2V1dHJvbmNvLmNjaGxhLnVmcm4uYnJcL3dwLWNvbnRlbnRcL3VwbG9hZHNcLzIwMjRcLzA0XC8xNi4tRnJvbnRlaXJhcy1kb21lc3RpY2FzLnBuZyIsInNsaWRlc2hvdyI6ImI1OWQ1MjMifQ%3D%3D\" href='https:\/\/museutronco.cchla.ufrn.br\/wp-content\/uploads\/2024\/04\/16.-Fronteiras-domesticas.png'><img width=\"150\" height=\"150\" src=\"https:\/\/museutronco.cchla.ufrn.br\/wp-content\/uploads\/2024\/04\/16.-Fronteiras-domesticas-150x150.png\" class=\"attachment-thumbnail size-thumbnail\" alt=\"\" decoding=\"async\" aria-describedby=\"gallery-1-2622\" loading=\"lazy\" srcset=\"https:\/\/museutronco.cchla.ufrn.br\/wp-content\/uploads\/2024\/04\/16.-Fronteiras-domesticas-150x150.png 150w, https:\/\/museutronco.cchla.ufrn.br\/wp-content\/uploads\/2024\/04\/16.-Fronteiras-domesticas-230x230.png 230w, https:\/\/museutronco.cchla.ufrn.br\/wp-content\/uploads\/2024\/04\/16.-Fronteiras-domesticas-400x400.png 400w, https:\/\/museutronco.cchla.ufrn.br\/wp-content\/uploads\/2024\/04\/16.-Fronteiras-domesticas-640x640.png 640w, https:\/\/museutronco.cchla.ufrn.br\/wp-content\/uploads\/2024\/04\/16.-Fronteiras-domesticas-40x40.png 40w, https:\/\/museutronco.cchla.ufrn.br\/wp-content\/uploads\/2024\/04\/16.-Fronteiras-domesticas-275x275.png 275w\" sizes=\"(max-width: 150px) 100vw, 150px\" \/><\/a>\n\t\t\t<\/div>\n\t\t\t\t<figcaption class='wp-caption-text gallery-caption' id='gallery-1-2622'>\n\t\t\t\tT\u00edtulo: Fronteiras dom\u00e9sticas Autoria: Sheera Mayane da Cruz (2013)\n\t\t\t\t<\/figcaption><\/figure><figure class='gallery-item'>\n\t\t\t<div class='gallery-icon landscape'>\n\t\t\t\t<a data-elementor-open-lightbox=\"yes\" data-elementor-lightbox-slideshow=\"b59d523\" data-elementor-lightbox-title=\"17. Festa do Ros\u00e1rio\" data-e-action-hash=\"#elementor-action%3Aaction%3Dlightbox%26settings%3DeyJpZCI6MjYwMiwidXJsIjoiaHR0cHM6XC9cL211c2V1dHJvbmNvLmNjaGxhLnVmcm4uYnJcL3dwLWNvbnRlbnRcL3VwbG9hZHNcLzIwMjRcLzA0XC8xNy4tRmVzdGEtZG8tUm9zYXJpby5wbmciLCJzbGlkZXNob3ciOiJiNTlkNTIzIn0%3D\" href='https:\/\/museutronco.cchla.ufrn.br\/wp-content\/uploads\/2024\/04\/17.-Festa-do-Rosario.png'><img width=\"150\" height=\"150\" src=\"https:\/\/museutronco.cchla.ufrn.br\/wp-content\/uploads\/2024\/04\/17.-Festa-do-Rosario-150x150.png\" class=\"attachment-thumbnail size-thumbnail\" alt=\"\" decoding=\"async\" aria-describedby=\"gallery-1-2602\" loading=\"lazy\" srcset=\"https:\/\/museutronco.cchla.ufrn.br\/wp-content\/uploads\/2024\/04\/17.-Festa-do-Rosario-150x150.png 150w, https:\/\/museutronco.cchla.ufrn.br\/wp-content\/uploads\/2024\/04\/17.-Festa-do-Rosario-230x230.png 230w, https:\/\/museutronco.cchla.ufrn.br\/wp-content\/uploads\/2024\/04\/17.-Festa-do-Rosario-400x400.png 400w, https:\/\/museutronco.cchla.ufrn.br\/wp-content\/uploads\/2024\/04\/17.-Festa-do-Rosario-640x640.png 640w, https:\/\/museutronco.cchla.ufrn.br\/wp-content\/uploads\/2024\/04\/17.-Festa-do-Rosario-40x40.png 40w, https:\/\/museutronco.cchla.ufrn.br\/wp-content\/uploads\/2024\/04\/17.-Festa-do-Rosario-275x275.png 275w\" sizes=\"(max-width: 150px) 100vw, 150px\" \/><\/a>\n\t\t\t<\/div>\n\t\t\t\t<figcaption class='wp-caption-text gallery-caption' id='gallery-1-2602'>\n\t\t\t\tFesta do Ros\u00e1rio  Autoria: Sheera Mayane da Cruz (2012)\n\t\t\t\t<\/figcaption><\/figure><figure class='gallery-item'>\n\t\t\t<div class='gallery-icon landscape'>\n\t\t\t\t<a data-elementor-open-lightbox=\"yes\" data-elementor-lightbox-slideshow=\"b59d523\" data-elementor-lightbox-title=\"18. Casas do bairro S\u00e3o Sebasti\u00e3o\" data-e-action-hash=\"#elementor-action%3Aaction%3Dlightbox%26settings%3DeyJpZCI6MjYwMSwidXJsIjoiaHR0cHM6XC9cL211c2V1dHJvbmNvLmNjaGxhLnVmcm4uYnJcL3dwLWNvbnRlbnRcL3VwbG9hZHNcLzIwMjRcLzA0XC8xOC4tQ2FzYXMtZG8tYmFpcnJvLVNhby1TZWJhc3RpYW8ucG5nIiwic2xpZGVzaG93IjoiYjU5ZDUyMyJ9\" href='https:\/\/museutronco.cchla.ufrn.br\/wp-content\/uploads\/2024\/04\/18.-Casas-do-bairro-Sao-Sebastiao.png'><img width=\"150\" height=\"150\" src=\"https:\/\/museutronco.cchla.ufrn.br\/wp-content\/uploads\/2024\/04\/18.-Casas-do-bairro-Sao-Sebastiao-150x150.png\" class=\"attachment-thumbnail size-thumbnail\" alt=\"\" decoding=\"async\" aria-describedby=\"gallery-1-2601\" loading=\"lazy\" srcset=\"https:\/\/museutronco.cchla.ufrn.br\/wp-content\/uploads\/2024\/04\/18.-Casas-do-bairro-Sao-Sebastiao-150x150.png 150w, https:\/\/museutronco.cchla.ufrn.br\/wp-content\/uploads\/2024\/04\/18.-Casas-do-bairro-Sao-Sebastiao-230x230.png 230w, https:\/\/museutronco.cchla.ufrn.br\/wp-content\/uploads\/2024\/04\/18.-Casas-do-bairro-Sao-Sebastiao-400x400.png 400w, https:\/\/museutronco.cchla.ufrn.br\/wp-content\/uploads\/2024\/04\/18.-Casas-do-bairro-Sao-Sebastiao-640x640.png 640w, https:\/\/museutronco.cchla.ufrn.br\/wp-content\/uploads\/2024\/04\/18.-Casas-do-bairro-Sao-Sebastiao-40x40.png 40w, https:\/\/museutronco.cchla.ufrn.br\/wp-content\/uploads\/2024\/04\/18.-Casas-do-bairro-Sao-Sebastiao-275x275.png 275w\" sizes=\"(max-width: 150px) 100vw, 150px\" \/><\/a>\n\t\t\t<\/div>\n\t\t\t\t<figcaption class='wp-caption-text gallery-caption' id='gallery-1-2601'>\n\t\t\t\tCasas do bairro S\u00e3o Sebasti\u00e3o Autoria: Sheera Mayane da Cruz (2013)\n\t\t\t\t<\/figcaption><\/figure><figure class='gallery-item'>\n\t\t\t<div class='gallery-icon landscape'>\n\t\t\t\t<a data-elementor-open-lightbox=\"yes\" data-elementor-lightbox-slideshow=\"b59d523\" data-elementor-lightbox-title=\"19. Irmandade do Ros\u00e1rio\" data-e-action-hash=\"#elementor-action%3Aaction%3Dlightbox%26settings%3DeyJpZCI6MjYxNCwidXJsIjoiaHR0cHM6XC9cL211c2V1dHJvbmNvLmNjaGxhLnVmcm4uYnJcL3dwLWNvbnRlbnRcL3VwbG9hZHNcLzIwMjRcLzA0XC8xOS4tSXJtYW5kYWRlLWRvLVJvc2FyaW8ucG5nIiwic2xpZGVzaG93IjoiYjU5ZDUyMyJ9\" href='https:\/\/museutronco.cchla.ufrn.br\/wp-content\/uploads\/2024\/04\/19.-Irmandade-do-Rosario.png'><img width=\"150\" height=\"150\" src=\"https:\/\/museutronco.cchla.ufrn.br\/wp-content\/uploads\/2024\/04\/19.-Irmandade-do-Rosario-150x150.png\" class=\"attachment-thumbnail size-thumbnail\" alt=\"\" decoding=\"async\" aria-describedby=\"gallery-1-2614\" loading=\"lazy\" srcset=\"https:\/\/museutronco.cchla.ufrn.br\/wp-content\/uploads\/2024\/04\/19.-Irmandade-do-Rosario-150x150.png 150w, https:\/\/museutronco.cchla.ufrn.br\/wp-content\/uploads\/2024\/04\/19.-Irmandade-do-Rosario-230x230.png 230w, https:\/\/museutronco.cchla.ufrn.br\/wp-content\/uploads\/2024\/04\/19.-Irmandade-do-Rosario-400x400.png 400w, https:\/\/museutronco.cchla.ufrn.br\/wp-content\/uploads\/2024\/04\/19.-Irmandade-do-Rosario-640x640.png 640w, https:\/\/museutronco.cchla.ufrn.br\/wp-content\/uploads\/2024\/04\/19.-Irmandade-do-Rosario-40x40.png 40w, https:\/\/museutronco.cchla.ufrn.br\/wp-content\/uploads\/2024\/04\/19.-Irmandade-do-Rosario-275x275.png 275w\" sizes=\"(max-width: 150px) 100vw, 150px\" \/><\/a>\n\t\t\t<\/div>\n\t\t\t\t<figcaption class='wp-caption-text gallery-caption' id='gallery-1-2614'>\n\t\t\t\tIrmandade do Ros\u00e1rio. Autoria: Jardelly Lhuana da Costa Santos (2013)\n\t\t\t\t<\/figcaption><\/figure><figure class='gallery-item'>\n\t\t\t<div class='gallery-icon landscape'>\n\t\t\t\t<a data-elementor-open-lightbox=\"yes\" data-elementor-lightbox-slideshow=\"b59d523\" data-elementor-lightbox-title=\"20. Enquadrando a Hist\u00f3ria\" data-e-action-hash=\"#elementor-action%3Aaction%3Dlightbox%26settings%3DeyJpZCI6MjYxMywidXJsIjoiaHR0cHM6XC9cL211c2V1dHJvbmNvLmNjaGxhLnVmcm4uYnJcL3dwLWNvbnRlbnRcL3VwbG9hZHNcLzIwMjRcLzA0XC8yMC4tRW5xdWFkcmFuZG8tYS1IaXN0b3JpYS5wbmciLCJzbGlkZXNob3ciOiJiNTlkNTIzIn0%3D\" href='https:\/\/museutronco.cchla.ufrn.br\/wp-content\/uploads\/2024\/04\/20.-Enquadrando-a-Historia.png'><img width=\"150\" height=\"150\" src=\"https:\/\/museutronco.cchla.ufrn.br\/wp-content\/uploads\/2024\/04\/20.-Enquadrando-a-Historia-150x150.png\" class=\"attachment-thumbnail size-thumbnail\" alt=\"\" decoding=\"async\" aria-describedby=\"gallery-1-2613\" loading=\"lazy\" srcset=\"https:\/\/museutronco.cchla.ufrn.br\/wp-content\/uploads\/2024\/04\/20.-Enquadrando-a-Historia-150x150.png 150w, https:\/\/museutronco.cchla.ufrn.br\/wp-content\/uploads\/2024\/04\/20.-Enquadrando-a-Historia-230x230.png 230w, https:\/\/museutronco.cchla.ufrn.br\/wp-content\/uploads\/2024\/04\/20.-Enquadrando-a-Historia-400x400.png 400w, https:\/\/museutronco.cchla.ufrn.br\/wp-content\/uploads\/2024\/04\/20.-Enquadrando-a-Historia-640x640.png 640w, https:\/\/museutronco.cchla.ufrn.br\/wp-content\/uploads\/2024\/04\/20.-Enquadrando-a-Historia-40x40.png 40w, https:\/\/museutronco.cchla.ufrn.br\/wp-content\/uploads\/2024\/04\/20.-Enquadrando-a-Historia-275x275.png 275w\" sizes=\"(max-width: 150px) 100vw, 150px\" \/><\/a>\n\t\t\t<\/div>\n\t\t\t\t<figcaption class='wp-caption-text gallery-caption' id='gallery-1-2613'>\n\t\t\t\tEnquadrando a Hist\u00f3ria. Autoria: Jardelly Lhuana da Costa Santos (2013)\n\t\t\t\t<\/figcaption><\/figure>\n\t\t<\/div>\n\t\t<\/div>\n\t\t\t\t<\/div>\n\t\t\t\t<\/div>\n\t\t\t\t\t<\/div>\n\t\t\t\t<\/div>\n\t\t\t\t\t\t\t<\/div>\n\t\t","protected":false},"excerpt":{"rendered":"<p>Olhares Adolescentes Por:&nbsp;Julie A. Cavignac (UFRN) e&nbsp;Maria Angela Bonifacio (PPGAS-UFRN), 2012 e 2013. As imagens foram produzidas durante as oficinas ministradas pelo fot\u00f3grafo carioca Ac J\u00fanior entre 2012 e 2013 no Ponto de Cultura Espa\u00e7o de Resist\u00eancia (Boa Vista), em\u00a0 Parelhas e na cidade de Jardim do Serid\u00f3, no Rio Grande do Norte. As oficinas [&hellip;]<\/p>\n","protected":false},"author":2,"featured_media":0,"parent":0,"menu_order":0,"comment_status":"closed","ping_status":"closed","template":"","meta":{"footnotes":""},"_links":{"self":[{"href":"https:\/\/museutronco.cchla.ufrn.br\/index.php?rest_route=\/wp\/v2\/pages\/2599"}],"collection":[{"href":"https:\/\/museutronco.cchla.ufrn.br\/index.php?rest_route=\/wp\/v2\/pages"}],"about":[{"href":"https:\/\/museutronco.cchla.ufrn.br\/index.php?rest_route=\/wp\/v2\/types\/page"}],"author":[{"embeddable":true,"href":"https:\/\/museutronco.cchla.ufrn.br\/index.php?rest_route=\/wp\/v2\/users\/2"}],"replies":[{"embeddable":true,"href":"https:\/\/museutronco.cchla.ufrn.br\/index.php?rest_route=%2Fwp%2Fv2%2Fcomments&post=2599"}],"version-history":[{"count":28,"href":"https:\/\/museutronco.cchla.ufrn.br\/index.php?rest_route=\/wp\/v2\/pages\/2599\/revisions"}],"predecessor-version":[{"id":4884,"href":"https:\/\/museutronco.cchla.ufrn.br\/index.php?rest_route=\/wp\/v2\/pages\/2599\/revisions\/4884"}],"wp:attachment":[{"href":"https:\/\/museutronco.cchla.ufrn.br\/index.php?rest_route=%2Fwp%2Fv2%2Fmedia&parent=2599"}],"curies":[{"name":"wp","href":"https:\/\/api.w.org\/{rel}","templated":true}]}}